{"id":14016,"date":"2021-03-22T12:17:06","date_gmt":"2021-03-22T11:17:06","guid":{"rendered":"https:\/\/www.arabakomendialdea.eus\/arabako-mendialdea\/miradores-astronomicos-montana-alavesa\/"},"modified":"2021-04-17T16:48:45","modified_gmt":"2021-04-17T14:48:45","slug":"miradors-astronomiques-montagne-alavaise","status":"publish","type":"portfolio","link":"https:\/\/www.arabakomendialdea.eus\/fr\/arabako-mendialdea\/miradors-astronomiques-montagne-alavaise\/","title":{"rendered":"Miradors Astronomiques Montagne Alavaise"},"content":{"rendered":"<div id='av_section_1'  class='avia-section av-5ywf3an-fba2f50b0c040e3782de70018e7b6295 main_color avia-section-large avia-no-border-styling  avia-builder-el-0  el_before_av_section  avia-builder-el-first  avia-bg-style-scroll container_wrap fullsize'  ><div class='container av-section-cont-open' ><main  role=\"main\" itemprop=\"mainContentOfPage\"  class='template-page content  av-content-full alpha units'><div class='post-entry post-entry-type-page post-entry-14016'><div class='entry-content-wrapper clearfix'>\n<div class='flex_column_table av-57yfoj3-4b92d14a55b181e3cabb3fa43e1b2f9d sc-av_one_third av-equal-height-column-flextable'>\n<style type=\"text\/css\" data-created_by=\"avia_inline_auto\" id=\"style-css-av-57yfoj3-4b92d14a55b181e3cabb3fa43e1b2f9d\">\n.flex_column.av-57yfoj3-4b92d14a55b181e3cabb3fa43e1b2f9d{\nborder-radius:0px 0px 0px 0px;\n}\n<\/style>\n<div  class='flex_column av-57yfoj3-4b92d14a55b181e3cabb3fa43e1b2f9d av_one_third  avia-builder-el-1  el_before_av_two_fifth  avia-builder-el-first  first flex_column_table_cell av-equal-height-column av-align-middle  '     ><p>\n<style type=\"text\/css\" data-created_by=\"avia_inline_auto\" id=\"style-css-av-kmkqqg9h-6e13f826fb58b037748e18d8da04425b\">\n#top .av-special-heading.av-kmkqqg9h-6e13f826fb58b037748e18d8da04425b{\npadding-bottom:10px;\nfont-size:42px;\n}\nbody .av-special-heading.av-kmkqqg9h-6e13f826fb58b037748e18d8da04425b .av-special-heading-tag .heading-char{\nfont-size:25px;\n}\n#top #wrap_all .av-special-heading.av-kmkqqg9h-6e13f826fb58b037748e18d8da04425b .av-special-heading-tag{\nfont-size:42px;\n}\n.av-special-heading.av-kmkqqg9h-6e13f826fb58b037748e18d8da04425b .av-subheading{\nfont-size:15px;\n}\n\n@media only screen and (min-width: 480px) and (max-width: 767px){ \n#top #wrap_all .av-special-heading.av-kmkqqg9h-6e13f826fb58b037748e18d8da04425b .av-special-heading-tag{\nfont-size:0.8em;\n}\n}\n\n@media only screen and (max-width: 479px){ \n#top #wrap_all .av-special-heading.av-kmkqqg9h-6e13f826fb58b037748e18d8da04425b .av-special-heading-tag{\nfont-size:0.8em;\n}\n}\n<\/style>\n<div  class='av-special-heading av-kmkqqg9h-6e13f826fb58b037748e18d8da04425b av-special-heading-h2 blockquote modern-quote  avia-builder-el-2  el_before_av_textblock  avia-builder-el-first  av-inherit-size'><h2 class='av-special-heading-tag '  itemprop=\"headline\"  >Miradors Astronomiques Montagne Alavaise<\/h2><div class=\"special-heading-border\"><div class=\"special-heading-inner-border\"><\/div><\/div><\/div><br \/>\n<section  class='av_textblock_section av-kmkpvd5j-c351106f587ddb9335d702962bb31262 '   itemscope=\"itemscope\" itemtype=\"https:\/\/schema.org\/CreativeWork\" ><div class='avia_textblock'  itemprop=\"text\" ><p>Qui n\u2019a pas \u00e9t\u00e9 un jour boulevers\u00e9, lors d\u2019une nuit \u00e9toil\u00e9e d\u2019\u00e9t\u00e9, par la beaut\u00e9 de la Voie Lact\u00e9e d\u00e9coupant le ciel ?<\/p>\n<p>Nous vous invitons \u00e0 d\u00e9couvrir la r\u00e9gion en visitant les diff\u00e9rents miradors astronomiques, lieux id\u00e9als pour l\u2019observation astronomique.<\/p>\n<\/div><\/section><\/p><\/div><div class='av-flex-placeholder'><\/div>\n<style type=\"text\/css\" data-created_by=\"avia_inline_auto\" id=\"style-css-av-m4oez3-ac541b9534c814442696e0a860356564\">\n.flex_column.av-m4oez3-ac541b9534c814442696e0a860356564{\nborder-radius:0px 0px 0px 0px;\npadding:0px 0px 0px 0px;\n}\n<\/style>\n<div  class='flex_column av-m4oez3-ac541b9534c814442696e0a860356564 av_two_fifth  avia-builder-el-4  el_after_av_one_third  el_before_av_one_fourth  flex_column_table_cell av-equal-height-column av-align-middle av-zero-column-padding  '     ><style type=\"text\/css\" data-created_by=\"avia_inline_auto\" id=\"style-css-av-kmkio5sh-ea0449dbad62389bcabcaf352d18ba73\">\n.avia-image-container.av-kmkio5sh-ea0449dbad62389bcabcaf352d18ba73 img.avia_image{\nbox-shadow:none;\n}\n.avia-image-container.av-kmkio5sh-ea0449dbad62389bcabcaf352d18ba73 .av-image-caption-overlay-center{\ncolor:#ffffff;\n}\n<\/style>\n<div  class='avia-image-container av-kmkio5sh-ea0449dbad62389bcabcaf352d18ba73 av-styling- av-img-linked avia-align-center  avia-builder-el-5  avia-builder-el-no-sibling '   itemprop=\"image\" itemscope=\"itemscope\" itemtype=\"https:\/\/schema.org\/ImageObject\" ><div class=\"avia-image-container-inner\"><div class=\"avia-image-overlay-wrap\"><a href=\"https:\/\/www.arabakomendialdea.eus\/wp-content\/uploads\/2021\/03\/miradores-astronomicos-montana-alavesa.jpg\" class='avia_image '  target=\"_blank\"  rel=\"noopener noreferrer\" aria-label='miradores-astronomicos-montana-alavesa'><img decoding=\"async\" fetchpriority=\"high\" class='wp-image-13585 avia-img-lazy-loading-not-13585 avia_image ' src=\"https:\/\/www.arabakomendialdea.eus\/wp-content\/uploads\/2021\/03\/miradores-astronomicos-montana-alavesa.jpg\" alt='' title='miradores-astronomicos-montana-alavesa'  height=\"1260\" width=\"2028\"  itemprop=\"thumbnailUrl\" srcset=\"https:\/\/www.arabakomendialdea.eus\/wp-content\/uploads\/2021\/03\/miradores-astronomicos-montana-alavesa.jpg 2028w, https:\/\/www.arabakomendialdea.eus\/wp-content\/uploads\/2021\/03\/miradores-astronomicos-montana-alavesa-300x186.jpg 300w, https:\/\/www.arabakomendialdea.eus\/wp-content\/uploads\/2021\/03\/miradores-astronomicos-montana-alavesa-1030x640.jpg 1030w, https:\/\/www.arabakomendialdea.eus\/wp-content\/uploads\/2021\/03\/miradores-astronomicos-montana-alavesa-80x50.jpg 80w, https:\/\/www.arabakomendialdea.eus\/wp-content\/uploads\/2021\/03\/miradores-astronomicos-montana-alavesa-768x477.jpg 768w, https:\/\/www.arabakomendialdea.eus\/wp-content\/uploads\/2021\/03\/miradores-astronomicos-montana-alavesa-1536x954.jpg 1536w, https:\/\/www.arabakomendialdea.eus\/wp-content\/uploads\/2021\/03\/miradores-astronomicos-montana-alavesa-1500x932.jpg 1500w, https:\/\/www.arabakomendialdea.eus\/wp-content\/uploads\/2021\/03\/miradores-astronomicos-montana-alavesa-705x438.jpg 705w\" sizes=\"(max-width: 2028px) 100vw, 2028px\" \/><\/a><\/div><\/div><\/div><\/div><div class='av-flex-placeholder'><\/div>\n<style type=\"text\/css\" data-created_by=\"avia_inline_auto\" id=\"style-css-av-kmkquiun-61d3a9d92bb42aa5b950e81239f22162\">\n.flex_column.av-kmkquiun-61d3a9d92bb42aa5b950e81239f22162{\nborder-radius:0px 0px 0px 0px;\npadding:20px 20px 20px 20px;\nbackground-color:#f2f2f2;\n}\n<\/style>\n<div  class='flex_column av-kmkquiun-61d3a9d92bb42aa5b950e81239f22162 av_one_fourth  avia-builder-el-6  el_after_av_two_fifth  avia-builder-el-last  flex_column_table_cell av-equal-height-column av-align-middle avia-link-column av-column-link avia-link-column-hover  '    data-link-column-url=\"https:\/\/www.arabakomendialdea.eus\/wp-content\/uploads\/2021\/03\/Miradores-Astronomicos-Montan\u0303a-Alavesa.pdf\"  data-link-column-target=\"_blank\"   ><a class=\"av-screen-reader-only\" href=https:\/\/www.arabakomendialdea.eus\/wp-content\/uploads\/2021\/03\/Miradores-Astronomicos-Montan\u0303a-Alavesa.pdf  target=\"_blank\"  title=\"Miradores astron\u00f3micos Monta\u00f1a Alavesa\" alt=\"Miradores astron\u00f3micos Monta\u00f1a Alavesa\">Suivre un lien ajout\u00e9 manuellement<\/a><p>\n<style type=\"text\/css\" data-created_by=\"avia_inline_auto\" id=\"style-css-av-kmkqr4hr-290bc65232f4617140731b144fe17288\">\n.avia-image-container.av-kmkqr4hr-290bc65232f4617140731b144fe17288 img.avia_image{\nbox-shadow:none;\n}\n.avia-image-container.av-kmkqr4hr-290bc65232f4617140731b144fe17288 .av-image-caption-overlay-center{\ncolor:#ffffff;\nfont-size:24px;\n}\n<\/style>\n<div  class='avia-image-container av-kmkqr4hr-290bc65232f4617140731b144fe17288 av-styling- av-hover-grow avia-align-center  avia-builder-el-7  el_before_av_textblock  avia-builder-el-first '   itemprop=\"image\" itemscope=\"itemscope\" itemtype=\"https:\/\/schema.org\/ImageObject\" ><div class=\"avia-image-container-inner\"><div class=\"avia-image-overlay-wrap\"><img decoding=\"async\" fetchpriority=\"high\" class='wp-image-13608 avia-img-lazy-loading-not-13608 avia_image ' src=\"https:\/\/www.arabakomendialdea.eus\/wp-content\/uploads\/2021\/03\/portada-folleto-miradores-astronomicos.jpg\" alt='' title='portada-folleto-miradores-astronomicos'  height=\"741\" width=\"400\"  itemprop=\"thumbnailUrl\" srcset=\"https:\/\/www.arabakomendialdea.eus\/wp-content\/uploads\/2021\/03\/portada-folleto-miradores-astronomicos.jpg 400w, https:\/\/www.arabakomendialdea.eus\/wp-content\/uploads\/2021\/03\/portada-folleto-miradores-astronomicos-162x300.jpg 162w, https:\/\/www.arabakomendialdea.eus\/wp-content\/uploads\/2021\/03\/portada-folleto-miradores-astronomicos-43x80.jpg 43w, https:\/\/www.arabakomendialdea.eus\/wp-content\/uploads\/2021\/03\/portada-folleto-miradores-astronomicos-381x705.jpg 381w\" sizes=\"(max-width: 400px) 100vw, 400px\" \/><\/div><\/div><\/div><br \/>\n<section  class='av_textblock_section av-kmkqssg2-36152a22ca92b6df2b1c8462aa482c82 '   itemscope=\"itemscope\" itemtype=\"https:\/\/schema.org\/CreativeWork\" ><div class='avia_textblock'  itemprop=\"text\" ><p style=\"text-align: center;\"><strong><a href=\"https:\/\/www.arabakomendialdea.eus\/wp-content\/uploads\/2021\/03\/Miradores-Astronomicos-Montan\u0303a-Alavesa.pdf\" target=\"_blank\" rel=\"noopener\">Descargar folleto (2 MB)<\/a><br \/>\n<\/strong><\/p>\n<\/div><\/section><\/p><\/div><\/div><!--close column table wrapper. Autoclose: 1 --><\/div><\/div><\/main><!-- close content main element --><\/div><\/div><div id='av_section_2'  class='avia-section av-fxw107j-a9af3adc8eaa1d6c1b2f83656e97a8be main_color avia-section-default avia-no-border-styling  avia-builder-el-9  el_after_av_section  el_before_av_one_half  avia-bg-style-scroll container_wrap fullsize'  ><div class='container av-section-cont-open' ><div class='template-page content  av-content-full alpha units'><div class='post-entry post-entry-type-page post-entry-14016'><div class='entry-content-wrapper clearfix'>\n<div class='flex_column_table av-fl16mj3-fef9352cd429cfaf0e107d7c308e37e9 sc-av_one_fourth av-equal-height-column-flextable'>\n<style type=\"text\/css\" data-created_by=\"avia_inline_auto\" id=\"style-css-av-fl16mj3-fef9352cd429cfaf0e107d7c308e37e9\">\n.flex_column.av-fl16mj3-fef9352cd429cfaf0e107d7c308e37e9{\nborder-width:1px;\nborder-color:#333333;\nborder-style:solid;\nborder-radius:0px 0px 0px 0px;\npadding:10px 10px 10px 10px;\n}\n<\/style>\n<div  class='flex_column av-fl16mj3-fef9352cd429cfaf0e107d7c308e37e9 av_one_fourth  avia-builder-el-10  el_before_av_one_fourth  avia-builder-el-first  ficha first flex_column_table_cell av-equal-height-column av-align-top  '     ><p>\n<style type=\"text\/css\" data-created_by=\"avia_inline_auto\" id=\"style-css-av-kmkktznb-3b4da01ca294c32a4f930802179bb202\">\n.avia-image-container.av-kmkktznb-3b4da01ca294c32a4f930802179bb202 img.avia_image{\nbox-shadow:none;\n}\n.avia-image-container.av-kmkktznb-3b4da01ca294c32a4f930802179bb202 .av-image-caption-overlay-center{\ncolor:#ffffff;\n}\n<\/style>\n<div  class='avia-image-container av-kmkktznb-3b4da01ca294c32a4f930802179bb202 av-styling- avia-align-center  avia-builder-el-11  el_before_av_video  avia-builder-el-first '   itemprop=\"image\" itemscope=\"itemscope\" itemtype=\"https:\/\/schema.org\/ImageObject\" ><div class=\"avia-image-container-inner\"><div class=\"avia-image-overlay-wrap\"><img decoding=\"async\" fetchpriority=\"high\" class='wp-image-13542 avia-img-lazy-loading-not-13542 avia_image ' src=\"https:\/\/www.arabakomendialdea.eus\/wp-content\/uploads\/2021\/03\/1-miradores-astronomicos.png\" alt='' title='1-miradores-astronomicos'  height=\"53\" width=\"60\"  itemprop=\"thumbnailUrl\"  \/><\/div><\/div><\/div><br \/>\n<div  class='avia-video av-kmkkbh59-96a674acad9c61ec95cf27d02c49ec8f avia-video-16-9 av-no-preview-image avia-video-load-always av-lazyload-immediate av-lazyload-video-embed'  itemprop=\"video\" itemtype=\"https:\/\/schema.org\/VideoObject\"  data-original_url='https:\/\/www.youtube.com\/watch?v=-Hd_lkFvKkU'><script type='text\/html' class='av-video-tmpl'><div class='avia-iframe-wrap'><iframe loading=\"lazy\" title=\"ITURRIETA\" width=\"1500\" height=\"844\" src=\"https:\/\/www.youtube.com\/embed\/-Hd_lkFvKkU?feature=oembed&autoplay=0&loop=0&controls=1&mute=0\" frameborder=\"0\" allow=\"accelerometer; autoplay; clipboard-write; encrypted-media; gyroscope; picture-in-picture\" allowfullscreen><\/iframe><\/div><\/script><div class='av-click-to-play-overlay'><div class=\"avia_playpause_icon\"><\/div><\/div><\/div><br \/>\n\n<style type=\"text\/css\" data-created_by=\"avia_inline_auto\" id=\"style-css-av-kmkll6vc-797015ec789de31a61dd8d2b3a7c872a\">\n#top .av-special-heading.av-kmkll6vc-797015ec789de31a61dd8d2b3a7c872a{\npadding-bottom:0;\n}\nbody .av-special-heading.av-kmkll6vc-797015ec789de31a61dd8d2b3a7c872a .av-special-heading-tag .heading-char{\nfont-size:25px;\n}\n.av-special-heading.av-kmkll6vc-797015ec789de31a61dd8d2b3a7c872a .av-subheading{\nfont-size:15px;\n}\n<\/style>\n<div  class='av-special-heading av-kmkll6vc-797015ec789de31a61dd8d2b3a7c872a av-special-heading-h2 blockquote modern-quote  avia-builder-el-13  el_after_av_video  el_before_av_iconlist '><h2 class='av-special-heading-tag '  itemprop=\"headline\"  >Alto de Iturrieta<\/h2><div class='av-subheading av-subheading_below'><p>Par\u00e7onnier<\/p>\n<\/div><div class=\"special-heading-border\"><div class=\"special-heading-inner-border\"><\/div><\/div><\/div><br \/>\n<div  class='avia-icon-list-container av-kmkloh18-7c993873414c08580de272a6613a4806  avia-builder-el-14  el_after_av_heading  avia-builder-el-last '><ul class='avia-icon-list avia_animate_when_almost_visible avia-icon-list-left av-iconlist-small av-kmkloh18-7c993873414c08580de272a6613a4806 avia-iconlist-animate'>\n<li><div class='iconlist_icon av-kmklnled-343ef06614a918828cc09da47d1dc1c8 avia-font-entypo-fontello avia-iconfont avia-font-entypo-fontello'><span class='av-icon-char' data-av_icon='\ue81e' data-av_iconfont='entypo-fontello' aria-hidden=\"true\"><\/span><\/div><article class=\"article-icon-entry \"  itemscope=\"itemscope\" itemtype=\"https:\/\/schema.org\/CreativeWork\" ><div class=\"iconlist_content_wrap\"><header class=\"entry-content-header\" aria-label=\"Icon: \"><\/header><div class='iconlist_content '  itemprop=\"text\" ><p>Vaste plateau d\u00e9gag\u00e9 sur les hauteurs du massif d\u2019Iturrieta, \u00e9loign\u00e9 de la population.<\/p>\n<\/div><\/div><footer class=\"entry-footer\"><\/footer><\/article><div class=\"iconlist-timeline\"><\/div><\/li>\n<li><div class='iconlist_icon av-kmklogoi-aab0b1ee92dbf3b5764b622dc3aaf56b avia-font-entypo-fontello avia-iconfont avia-font-entypo-fontello'><span class='av-icon-char' data-av_icon='\ue835' data-av_iconfont='entypo-fontello' aria-hidden=\"true\"><\/span><\/div><article class=\"article-icon-entry av-iconlist-empty\"  itemscope=\"itemscope\" itemtype=\"https:\/\/schema.org\/CreativeWork\" ><div class=\"iconlist_content_wrap\"><header class=\"entry-content-header\" aria-label=\"Icon: &lt;a href=&#039;https:\/\/mirador7.behatokizki.org&#039; title=&#039;mirador7.behatokizki.org&#039; target=&quot;_blank&quot;  rel=&quot;noopener noreferrer&quot;&gt;mirador7.behatokizki.org&lt;\/a&gt;\"><div class='av_iconlist_title iconlist_title_small  '  itemprop=\"headline\" ><a href='https:\/\/mirador7.behatokizki.org' title='mirador7.behatokizki.org' target=\"_blank\"  rel=\"noopener noreferrer\">mirador7.behatokizki.org<\/a><\/div><\/header><div class='iconlist_content '  itemprop=\"text\" ><\/div><\/div><footer class=\"entry-footer\"><\/footer><\/article><div class=\"iconlist-timeline\"><\/div><\/li>\n<\/ul><\/div><\/p><\/div><div class='av-flex-placeholder'><\/div>\n<style type=\"text\/css\" data-created_by=\"avia_inline_auto\" id=\"style-css-av-3k6zoxb-0b2c2ebc8d5cc06986f036887be0888b\">\n.flex_column.av-3k6zoxb-0b2c2ebc8d5cc06986f036887be0888b{\nborder-width:1px;\nborder-color:#333333;\nborder-style:solid;\nborder-radius:0px 0px 0px 0px;\npadding:10px 10px 10px 10px;\n}\n<\/style>\n<div  class='flex_column av-3k6zoxb-0b2c2ebc8d5cc06986f036887be0888b av_one_fourth  avia-builder-el-15  el_after_av_one_fourth  el_before_av_one_fourth  ficha flex_column_table_cell av-equal-height-column av-align-top  '     ><p>\n<style type=\"text\/css\" data-created_by=\"avia_inline_auto\" id=\"style-css-av-kmkont4l-f865af7be2a37c69ac3be359c6a78cc4\">\n.avia-image-container.av-kmkont4l-f865af7be2a37c69ac3be359c6a78cc4 img.avia_image{\nbox-shadow:none;\n}\n.avia-image-container.av-kmkont4l-f865af7be2a37c69ac3be359c6a78cc4 .av-image-caption-overlay-center{\ncolor:#ffffff;\n}\n<\/style>\n<div  class='avia-image-container av-kmkont4l-f865af7be2a37c69ac3be359c6a78cc4 av-styling- avia-align-center  avia-builder-el-16  el_before_av_video  avia-builder-el-first '   itemprop=\"image\" itemscope=\"itemscope\" itemtype=\"https:\/\/schema.org\/ImageObject\" ><div class=\"avia-image-container-inner\"><div class=\"avia-image-overlay-wrap\"><img decoding=\"async\" fetchpriority=\"high\" class='wp-image-13548 avia-img-lazy-loading-not-13548 avia_image ' src=\"https:\/\/www.arabakomendialdea.eus\/wp-content\/uploads\/2021\/03\/2-miradores-astronomicos.png\" alt='' title='2-miradores-astronomicos'  height=\"53\" width=\"60\"  itemprop=\"thumbnailUrl\"  \/><\/div><\/div><\/div><br \/>\n<div  class='avia-video av-kmkop85i-e6eed32e850dfa1ec223fe8f7e35eec9 avia-video-16-9 av-no-preview-image avia-video-load-always av-lazyload-immediate av-lazyload-video-embed'  itemprop=\"video\" itemtype=\"https:\/\/schema.org\/VideoObject\"  data-original_url='https:\/\/www.youtube.com\/watch?v=jPEUi8HCHA0'><script type='text\/html' class='av-video-tmpl'><div class='avia-iframe-wrap'><iframe loading=\"lazy\" title=\"SANTA TEODOSIA\" width=\"1500\" height=\"844\" src=\"https:\/\/www.youtube.com\/embed\/jPEUi8HCHA0?feature=oembed&autoplay=0&loop=0&controls=1&mute=0\" frameborder=\"0\" allow=\"accelerometer; autoplay; clipboard-write; encrypted-media; gyroscope; picture-in-picture\" allowfullscreen><\/iframe><\/div><\/script><div class='av-click-to-play-overlay'><div class=\"avia_playpause_icon\"><\/div><\/div><\/div><br \/>\n\n<style type=\"text\/css\" data-created_by=\"avia_inline_auto\" id=\"style-css-av-kmkoo9tk-57860bfff1a32a741adfcddec438a7a2\">\n#top .av-special-heading.av-kmkoo9tk-57860bfff1a32a741adfcddec438a7a2{\npadding-bottom:0;\n}\nbody .av-special-heading.av-kmkoo9tk-57860bfff1a32a741adfcddec438a7a2 .av-special-heading-tag .heading-char{\nfont-size:25px;\n}\n.av-special-heading.av-kmkoo9tk-57860bfff1a32a741adfcddec438a7a2 .av-subheading{\nfont-size:15px;\n}\n<\/style>\n<div  class='av-special-heading av-kmkoo9tk-57860bfff1a32a741adfcddec438a7a2 av-special-heading-h2 blockquote modern-quote  avia-builder-el-18  el_after_av_video  el_before_av_iconlist '><h2 class='av-special-heading-tag '  itemprop=\"headline\"  >Ermitage de Sainte Th\u00e9odose<\/h2><div class='av-subheading av-subheading_below'><p>Vall\u00e9e d\u2019Arana<\/p>\n<\/div><div class=\"special-heading-border\"><div class=\"special-heading-inner-border\"><\/div><\/div><\/div><br \/>\n<div  class='avia-icon-list-container av-kmkop0ne-660cb1b8750482ad892f5d39a30082b1  avia-builder-el-19  el_after_av_heading  avia-builder-el-last '><ul class='avia-icon-list avia_animate_when_almost_visible avia-icon-list-left av-iconlist-small av-kmkop0ne-660cb1b8750482ad892f5d39a30082b1 avia-iconlist-animate'>\n<li><div class='iconlist_icon av-kmkookzb-72bdf950559078250c28af5272f9fa3a avia-font-entypo-fontello avia-iconfont avia-font-entypo-fontello'><span class='av-icon-char' data-av_icon='\ue81e' data-av_iconfont='entypo-fontello' aria-hidden=\"true\"><\/span><\/div><article class=\"article-icon-entry \"  itemscope=\"itemscope\" itemtype=\"https:\/\/schema.org\/CreativeWork\" ><div class=\"iconlist_content_wrap\"><header class=\"entry-content-header\" aria-label=\"Icon: \"><\/header><div class='iconlist_content '  itemprop=\"text\" ><p>Versant proche de l\u2019ermitage de Sainte Th\u00e9odose, il poss\u00e8de une zone de loisir avec tables, barbecue et parcs pour enfants, dans un joli site montagneux.<\/p>\n<\/div><\/div><footer class=\"entry-footer\"><\/footer><\/article><div class=\"iconlist-timeline\"><\/div><\/li>\n<li><div class='iconlist_icon av-kmkooztv-cce8daa37f7236c8197ded79ae6ba70e avia-font-entypo-fontello avia-iconfont avia-font-entypo-fontello'><span class='av-icon-char' data-av_icon='\ue835' data-av_iconfont='entypo-fontello' aria-hidden=\"true\"><\/span><\/div><article class=\"article-icon-entry av-iconlist-empty\"  itemscope=\"itemscope\" itemtype=\"https:\/\/schema.org\/CreativeWork\" ><div class=\"iconlist_content_wrap\"><header class=\"entry-content-header\" aria-label=\"Icon: &lt;a href=&#039;https:\/\/mirador8.behatokizki.org&#039; title=&#039;mirador8.behatokizki.org&#039; target=&quot;_blank&quot;  rel=&quot;noopener noreferrer&quot;&gt;mirador8.behatokizki.org&lt;\/a&gt;\"><div class='av_iconlist_title iconlist_title_small  '  itemprop=\"headline\" ><a href='https:\/\/mirador8.behatokizki.org' title='mirador8.behatokizki.org' target=\"_blank\"  rel=\"noopener noreferrer\">mirador8.behatokizki.org<\/a><\/div><\/header><div class='iconlist_content '  itemprop=\"text\" ><\/div><\/div><footer class=\"entry-footer\"><\/footer><\/article><div class=\"iconlist-timeline\"><\/div><\/li>\n<\/ul><\/div><\/p><\/div><div class='av-flex-placeholder'><\/div>\n<style type=\"text\/css\" data-created_by=\"avia_inline_auto\" id=\"style-css-av-37oy4r3-d296261a0006d8305425a91e2fb72710\">\n.flex_column.av-37oy4r3-d296261a0006d8305425a91e2fb72710{\nborder-width:1px;\nborder-color:#333333;\nborder-style:solid;\nborder-radius:0px 0px 0px 0px;\npadding:10px 10px 10px 10px;\n}\n<\/style>\n<div  class='flex_column av-37oy4r3-d296261a0006d8305425a91e2fb72710 av_one_fourth  avia-builder-el-20  el_after_av_one_fourth  el_before_av_one_fourth  ficha flex_column_table_cell av-equal-height-column av-align-top  '     ><p>\n<style type=\"text\/css\" data-created_by=\"avia_inline_auto\" id=\"style-css-av-kmkoprda-bb020ca5a5c718a72a023738d086f43c\">\n.avia-image-container.av-kmkoprda-bb020ca5a5c718a72a023738d086f43c img.avia_image{\nbox-shadow:none;\n}\n.avia-image-container.av-kmkoprda-bb020ca5a5c718a72a023738d086f43c .av-image-caption-overlay-center{\ncolor:#ffffff;\n}\n<\/style>\n<div  class='avia-image-container av-kmkoprda-bb020ca5a5c718a72a023738d086f43c av-styling- avia-align-center  avia-builder-el-21  el_before_av_video  avia-builder-el-first '   itemprop=\"image\" itemscope=\"itemscope\" itemtype=\"https:\/\/schema.org\/ImageObject\" ><div class=\"avia-image-container-inner\"><div class=\"avia-image-overlay-wrap\"><img decoding=\"async\" fetchpriority=\"high\" class='wp-image-13552 avia-img-lazy-loading-not-13552 avia_image ' src=\"https:\/\/www.arabakomendialdea.eus\/wp-content\/uploads\/2021\/03\/3-miradores-astronomicos.png\" alt='' title='3-miradores-astronomicos'  height=\"53\" width=\"60\"  itemprop=\"thumbnailUrl\"  \/><\/div><\/div><\/div><br \/>\n<div  class='avia-video av-kmkoroa6-8b67b1883a9125dc33106b8aeb09c375 avia-video-16-9 av-no-preview-image avia-video-load-always av-lazyload-immediate av-lazyload-video-embed'  itemprop=\"video\" itemtype=\"https:\/\/schema.org\/VideoObject\"  data-original_url='https:\/\/www.youtube.com\/watch?v=B0mUxNRx6jU'><script type='text\/html' class='av-video-tmpl'><div class='avia-iframe-wrap'><iframe loading=\"lazy\" title=\"ULLIBARRI ARANA\" width=\"1500\" height=\"844\" src=\"https:\/\/www.youtube.com\/embed\/B0mUxNRx6jU?feature=oembed&autoplay=0&loop=0&controls=1&mute=0\" frameborder=\"0\" allow=\"accelerometer; autoplay; clipboard-write; encrypted-media; gyroscope; picture-in-picture\" allowfullscreen><\/iframe><\/div><\/script><div class='av-click-to-play-overlay'><div class=\"avia_playpause_icon\"><\/div><\/div><\/div><br \/>\n\n<style type=\"text\/css\" data-created_by=\"avia_inline_auto\" id=\"style-css-av-kmkoqhsd-0b080a89890d014faf4849ab8988a599\">\n#top .av-special-heading.av-kmkoqhsd-0b080a89890d014faf4849ab8988a599{\npadding-bottom:0;\n}\nbody .av-special-heading.av-kmkoqhsd-0b080a89890d014faf4849ab8988a599 .av-special-heading-tag .heading-char{\nfont-size:25px;\n}\n.av-special-heading.av-kmkoqhsd-0b080a89890d014faf4849ab8988a599 .av-subheading{\nfont-size:15px;\n}\n<\/style>\n<div  class='av-special-heading av-kmkoqhsd-0b080a89890d014faf4849ab8988a599 av-special-heading-h2 blockquote modern-quote  avia-builder-el-23  el_after_av_video  el_before_av_iconlist '><h2 class='av-special-heading-tag '  itemprop=\"headline\"  >Ermitage Andra Mari<\/h2><div class='av-subheading av-subheading_below'><p>Ullibarri-Arana<\/p>\n<\/div><div class=\"special-heading-border\"><div class=\"special-heading-inner-border\"><\/div><\/div><\/div><br \/>\n<div  class='avia-icon-list-container av-kmkorfxj-39e2d3dc41eca391a00a559514bf1602  avia-builder-el-24  el_after_av_heading  avia-builder-el-last '><ul class='avia-icon-list avia_animate_when_almost_visible avia-icon-list-left av-iconlist-small av-kmkorfxj-39e2d3dc41eca391a00a559514bf1602 avia-iconlist-animate'>\n<li><div class='iconlist_icon av-kmkoqsod-f226fd21c9cc6b0c59fd91312fa5ab7d avia-font-entypo-fontello avia-iconfont avia-font-entypo-fontello'><span class='av-icon-char' data-av_icon='\ue81e' data-av_iconfont='entypo-fontello' aria-hidden=\"true\"><\/span><\/div><article class=\"article-icon-entry \"  itemscope=\"itemscope\" itemtype=\"https:\/\/schema.org\/CreativeWork\" ><div class=\"iconlist_content_wrap\"><header class=\"entry-content-header\" aria-label=\"Icon: \"><\/header><div class='iconlist_content '  itemprop=\"text\" ><p>Enclave dans la vall\u00e9e d\u2019Arana, entre l\u2019Ermitage et une zone bois\u00e9e.<\/p>\n<\/div><\/div><footer class=\"entry-footer\"><\/footer><\/article><div class=\"iconlist-timeline\"><\/div><\/li>\n<li><div class='iconlist_icon av-kmkorf2p-43bbbd01054493bb0d7b04b1cd50d51f avia-font-entypo-fontello avia-iconfont avia-font-entypo-fontello'><span class='av-icon-char' data-av_icon='\ue835' data-av_iconfont='entypo-fontello' aria-hidden=\"true\"><\/span><\/div><article class=\"article-icon-entry av-iconlist-empty\"  itemscope=\"itemscope\" itemtype=\"https:\/\/schema.org\/CreativeWork\" ><div class=\"iconlist_content_wrap\"><header class=\"entry-content-header\" aria-label=\"Icon: &lt;a href=&#039;https:\/\/mirador5.behatokizki.org&#039; title=&#039;mirador5.behatokizki.org&#039; target=&quot;_blank&quot;  rel=&quot;noopener noreferrer&quot;&gt;mirador5.behatokizki.org&lt;\/a&gt;\"><div class='av_iconlist_title iconlist_title_small  '  itemprop=\"headline\" ><a href='https:\/\/mirador5.behatokizki.org' title='mirador5.behatokizki.org' target=\"_blank\"  rel=\"noopener noreferrer\">mirador5.behatokizki.org<\/a><\/div><\/header><div class='iconlist_content '  itemprop=\"text\" ><\/div><\/div><footer class=\"entry-footer\"><\/footer><\/article><div class=\"iconlist-timeline\"><\/div><\/li>\n<\/ul><\/div><\/p><\/div><div class='av-flex-placeholder'><\/div>\n<style type=\"text\/css\" data-created_by=\"avia_inline_auto\" id=\"style-css-av-2htwgy7-29bbeb65dfd51c8284135f7149fe1155\">\n.flex_column.av-2htwgy7-29bbeb65dfd51c8284135f7149fe1155{\nborder-width:1px;\nborder-color:#333333;\nborder-style:solid;\nborder-radius:0px 0px 0px 0px;\npadding:10px 10px 10px 10px;\n}\n<\/style>\n<div  class='flex_column av-2htwgy7-29bbeb65dfd51c8284135f7149fe1155 av_one_fourth  avia-builder-el-25  el_after_av_one_fourth  el_before_av_hr  ficha flex_column_table_cell av-equal-height-column av-align-top  '     ><p>\n<style type=\"text\/css\" data-created_by=\"avia_inline_auto\" id=\"style-css-av-kmkot29u-bd6f551ce4e8044f5b36dbba597b1961\">\n.avia-image-container.av-kmkot29u-bd6f551ce4e8044f5b36dbba597b1961 img.avia_image{\nbox-shadow:none;\n}\n.avia-image-container.av-kmkot29u-bd6f551ce4e8044f5b36dbba597b1961 .av-image-caption-overlay-center{\ncolor:#ffffff;\n}\n<\/style>\n<div  class='avia-image-container av-kmkot29u-bd6f551ce4e8044f5b36dbba597b1961 av-styling- avia-align-center  avia-builder-el-26  el_before_av_video  avia-builder-el-first '   itemprop=\"image\" itemscope=\"itemscope\" itemtype=\"https:\/\/schema.org\/ImageObject\" ><div class=\"avia-image-container-inner\"><div class=\"avia-image-overlay-wrap\"><img decoding=\"async\" fetchpriority=\"high\" class='wp-image-13556 avia-img-lazy-loading-not-13556 avia_image ' src=\"https:\/\/www.arabakomendialdea.eus\/wp-content\/uploads\/2021\/03\/4-miradores-astronomicos.png\" alt='' title='4-miradores-astronomicos'  height=\"53\" width=\"60\"  itemprop=\"thumbnailUrl\"  \/><\/div><\/div><\/div><br \/>\n<div  class='avia-video av-kmkouflp-a92108374c303310d583f7a06921726d avia-video-16-9 av-no-preview-image avia-video-load-always av-lazyload-immediate av-lazyload-video-embed'  itemprop=\"video\" itemtype=\"https:\/\/schema.org\/VideoObject\"  data-original_url='https:\/\/www.youtube.com\/watch?v=jUF5UPr4Ql8'><script type='text\/html' class='av-video-tmpl'><div class='avia-iframe-wrap'><iframe loading=\"lazy\" title=\"URARTE\" width=\"1500\" height=\"844\" src=\"https:\/\/www.youtube.com\/embed\/jUF5UPr4Ql8?feature=oembed&autoplay=0&loop=0&controls=1&mute=0\" frameborder=\"0\" allow=\"accelerometer; autoplay; clipboard-write; encrypted-media; gyroscope; picture-in-picture\" allowfullscreen><\/iframe><\/div><\/script><div class='av-click-to-play-overlay'><div class=\"avia_playpause_icon\"><\/div><\/div><\/div><br \/>\n\n<style type=\"text\/css\" data-created_by=\"avia_inline_auto\" id=\"style-css-av-kmkos54i-814470ea233f78dbf6e82df3dc349fa9\">\n#top .av-special-heading.av-kmkos54i-814470ea233f78dbf6e82df3dc349fa9{\npadding-bottom:0;\n}\nbody .av-special-heading.av-kmkos54i-814470ea233f78dbf6e82df3dc349fa9 .av-special-heading-tag .heading-char{\nfont-size:25px;\n}\n.av-special-heading.av-kmkos54i-814470ea233f78dbf6e82df3dc349fa9 .av-subheading{\nfont-size:15px;\n}\n<\/style>\n<div  class='av-special-heading av-kmkos54i-814470ea233f78dbf6e82df3dc349fa9 av-special-heading-h2 blockquote modern-quote  avia-builder-el-28  el_after_av_video  el_before_av_iconlist '><h2 class='av-special-heading-tag '  itemprop=\"headline\"  >Ermitage Notre Dame de Larrauri<\/h2><div class='av-subheading av-subheading_below'><p>Urarte<\/p>\n<\/div><div class=\"special-heading-border\"><div class=\"special-heading-inner-border\"><\/div><\/div><\/div><br \/>\n<div  class='avia-icon-list-container av-kmkou5qn-71c1d01df9b0ed16db8c9634960996dd  avia-builder-el-29  el_after_av_heading  avia-builder-el-last '><ul class='avia-icon-list avia_animate_when_almost_visible avia-icon-list-left av-iconlist-small av-kmkou5qn-71c1d01df9b0ed16db8c9634960996dd avia-iconlist-animate'>\n<li><div class='iconlist_icon av-kmkotg13-e909afab7005c297b6f686f5531f9a93 avia-font-entypo-fontello avia-iconfont avia-font-entypo-fontello'><span class='av-icon-char' data-av_icon='\ue81e' data-av_iconfont='entypo-fontello' aria-hidden=\"true\"><\/span><\/div><article class=\"article-icon-entry \"  itemscope=\"itemscope\" itemtype=\"https:\/\/schema.org\/CreativeWork\" ><div class=\"iconlist_content_wrap\"><header class=\"entry-content-header\" aria-label=\"Icon: \"><\/header><div class='iconlist_content '  itemprop=\"text\" ><p>Vaste espace \u00e0 c\u00f4t\u00e9 de l\u2019Ermitage, avec un horizon tr\u00e8s d\u00e9gag\u00e9.<\/p>\n<\/div><\/div><footer class=\"entry-footer\"><\/footer><\/article><div class=\"iconlist-timeline\"><\/div><\/li>\n<li><div class='iconlist_icon av-kmkou53k-579c2ad3b62a17a408051a4d635a28b6 avia-font-entypo-fontello avia-iconfont avia-font-entypo-fontello'><span class='av-icon-char' data-av_icon='\ue835' data-av_iconfont='entypo-fontello' aria-hidden=\"true\"><\/span><\/div><article class=\"article-icon-entry av-iconlist-empty\"  itemscope=\"itemscope\" itemtype=\"https:\/\/schema.org\/CreativeWork\" ><div class=\"iconlist_content_wrap\"><header class=\"entry-content-header\" aria-label=\"Icon: &lt;a href=&#039;https:\/\/mirador4.behatokizki.org&#039; title=&#039;mirador4.behatokizki.org&#039; target=&quot;_blank&quot;  rel=&quot;noopener noreferrer&quot;&gt;mirador4.behatokizki.org&lt;\/a&gt;\"><div class='av_iconlist_title iconlist_title_small  '  itemprop=\"headline\" ><a href='https:\/\/mirador4.behatokizki.org' title='mirador4.behatokizki.org' target=\"_blank\"  rel=\"noopener noreferrer\">mirador4.behatokizki.org<\/a><\/div><\/header><div class='iconlist_content '  itemprop=\"text\" ><\/div><\/div><footer class=\"entry-footer\"><\/footer><\/article><div class=\"iconlist-timeline\"><\/div><\/li>\n<\/ul><\/div><\/p><\/div><\/div><!--close column table wrapper. Autoclose: 1 -->\n<style type=\"text\/css\" data-created_by=\"avia_inline_auto\" id=\"style-css-av-98zg7pr-38be46041dc6195edbb180d9f7b32cdc\">\n#top .hr.hr-invisible.av-98zg7pr-38be46041dc6195edbb180d9f7b32cdc{\nheight:40px;\n}\n<\/style>\n<div  class='hr av-98zg7pr-38be46041dc6195edbb180d9f7b32cdc hr-invisible  avia-builder-el-30  el_after_av_one_fourth  el_before_av_one_fourth '><span class='hr-inner '><span class=\"hr-inner-style\"><\/span><\/span><\/div>\n<div class='flex_column_table av-1xmamjz-84b1a804f3935a311776f5557bf28649 sc-av_one_fourth av-equal-height-column-flextable'>\n<style type=\"text\/css\" data-created_by=\"avia_inline_auto\" id=\"style-css-av-1xmamjz-84b1a804f3935a311776f5557bf28649\">\n.flex_column.av-1xmamjz-84b1a804f3935a311776f5557bf28649{\nborder-width:1px;\nborder-color:#333333;\nborder-style:solid;\nborder-radius:0px 0px 0px 0px;\npadding:10px 10px 10px 10px;\n}\n<\/style>\n<div  class='flex_column av-1xmamjz-84b1a804f3935a311776f5557bf28649 av_one_fourth  avia-builder-el-31  el_after_av_hr  el_before_av_one_fourth  ficha first flex_column_table_cell av-equal-height-column av-align-top  '     ><p>\n<style type=\"text\/css\" data-created_by=\"avia_inline_auto\" id=\"style-css-av-kmkov36j-26370ccc48dcf314671523bec9b60440\">\n.avia-image-container.av-kmkov36j-26370ccc48dcf314671523bec9b60440 img.avia_image{\nbox-shadow:none;\n}\n.avia-image-container.av-kmkov36j-26370ccc48dcf314671523bec9b60440 .av-image-caption-overlay-center{\ncolor:#ffffff;\n}\n<\/style>\n<div  class='avia-image-container av-kmkov36j-26370ccc48dcf314671523bec9b60440 av-styling- avia-align-center  avia-builder-el-32  el_before_av_video  avia-builder-el-first '   itemprop=\"image\" itemscope=\"itemscope\" itemtype=\"https:\/\/schema.org\/ImageObject\" ><div class=\"avia-image-container-inner\"><div class=\"avia-image-overlay-wrap\"><img decoding=\"async\" fetchpriority=\"high\" class='wp-image-13560 avia-img-lazy-loading-not-13560 avia_image ' src=\"https:\/\/www.arabakomendialdea.eus\/wp-content\/uploads\/2021\/03\/5-miradores-astronomicos.png\" alt='' title='5-miradores-astronomicos'  height=\"53\" width=\"60\"  itemprop=\"thumbnailUrl\"  \/><\/div><\/div><\/div><br \/>\n<div  class='avia-video av-kmkoyj9c-8cafcf790a06f3ac4ef1ece5c48af20e avia-video-16-9 av-no-preview-image avia-video-load-always av-lazyload-immediate av-lazyload-video-embed'  itemprop=\"video\" itemtype=\"https:\/\/schema.org\/VideoObject\"  data-original_url='https:\/\/www.youtube.com\/watch?v=fqYJlpqYJ5Q'><script type='text\/html' class='av-video-tmpl'><div class='avia-iframe-wrap'><iframe loading=\"lazy\" title=\"KORRES\" width=\"1500\" height=\"844\" src=\"https:\/\/www.youtube.com\/embed\/fqYJlpqYJ5Q?feature=oembed&autoplay=0&loop=0&controls=1&mute=0\" frameborder=\"0\" allow=\"accelerometer; autoplay; clipboard-write; encrypted-media; gyroscope; picture-in-picture\" allowfullscreen><\/iframe><\/div><\/script><div class='av-click-to-play-overlay'><div class=\"avia_playpause_icon\"><\/div><\/div><\/div><br \/>\n\n<style type=\"text\/css\" data-created_by=\"avia_inline_auto\" id=\"style-css-av-kmkowm8t-a8a8b842659461ee7308ca25564e99c4\">\n#top .av-special-heading.av-kmkowm8t-a8a8b842659461ee7308ca25564e99c4{\npadding-bottom:0;\n}\nbody .av-special-heading.av-kmkowm8t-a8a8b842659461ee7308ca25564e99c4 .av-special-heading-tag .heading-char{\nfont-size:25px;\n}\n.av-special-heading.av-kmkowm8t-a8a8b842659461ee7308ca25564e99c4 .av-subheading{\nfont-size:15px;\n}\n<\/style>\n<div  class='av-special-heading av-kmkowm8t-a8a8b842659461ee7308ca25564e99c4 av-special-heading-h2 blockquote modern-quote  avia-builder-el-34  el_after_av_video  el_before_av_iconlist '><h2 class='av-special-heading-tag '  itemprop=\"headline\"  >Ermitage de la Vierge de la Pe\u00f1a<\/h2><div class='av-subheading av-subheading_below'><p>Korres<\/p>\n<\/div><div class=\"special-heading-border\"><div class=\"special-heading-inner-border\"><\/div><\/div><\/div><br \/>\n<div  class='avia-icon-list-container av-kmkoy383-f7bdc7db412c49b7d8e8b2cf247e5826  avia-builder-el-35  el_after_av_heading  avia-builder-el-last '><ul class='avia-icon-list avia_animate_when_almost_visible avia-icon-list-left av-iconlist-small av-kmkoy383-f7bdc7db412c49b7d8e8b2cf247e5826 avia-iconlist-animate'>\n<li><div class='iconlist_icon av-kmkoxfnk-c7041164c6c5a62f334a19bf2935833d avia-font-entypo-fontello avia-iconfont avia-font-entypo-fontello'><span class='av-icon-char' data-av_icon='\ue81e' data-av_iconfont='entypo-fontello' aria-hidden=\"true\"><\/span><\/div><article class=\"article-icon-entry \"  itemscope=\"itemscope\" itemtype=\"https:\/\/schema.org\/CreativeWork\" ><div class=\"iconlist_content_wrap\"><header class=\"entry-content-header\" aria-label=\"Icon: \"><\/header><div class='iconlist_content '  itemprop=\"text\" ><p>Apr\u00e8s l\u2019Ermitage situ\u00e9e en plein Parc Naturel d\u2019Izki, avec un horizon d\u00e9gag\u00e9. Proche du Mirador del Barranco, duquel observer le coucher du soleil.<\/p>\n<\/div><\/div><footer class=\"entry-footer\"><\/footer><\/article><div class=\"iconlist-timeline\"><\/div><\/li>\n<li><div class='iconlist_icon av-kmkoy1yr-33660bb6a01ab6f1a0c97b2a85cbdfee avia-font-entypo-fontello avia-iconfont avia-font-entypo-fontello'><span class='av-icon-char' data-av_icon='\ue835' data-av_iconfont='entypo-fontello' aria-hidden=\"true\"><\/span><\/div><article class=\"article-icon-entry av-iconlist-empty\"  itemscope=\"itemscope\" itemtype=\"https:\/\/schema.org\/CreativeWork\" ><div class=\"iconlist_content_wrap\"><header class=\"entry-content-header\" aria-label=\"Icon: &lt;a href=&#039;https:\/\/mirador6.behatokizki.org&#039; title=&#039;mirador6.behatokizki.org&#039; target=&quot;_blank&quot;  rel=&quot;noopener noreferrer&quot;&gt;mirador6.behatokizki.org&lt;\/a&gt;\"><div class='av_iconlist_title iconlist_title_small  '  itemprop=\"headline\" ><a href='https:\/\/mirador6.behatokizki.org' title='mirador6.behatokizki.org' target=\"_blank\"  rel=\"noopener noreferrer\">mirador6.behatokizki.org<\/a><\/div><\/header><div class='iconlist_content '  itemprop=\"text\" ><\/div><\/div><footer class=\"entry-footer\"><\/footer><\/article><div class=\"iconlist-timeline\"><\/div><\/li>\n<\/ul><\/div><\/p><\/div><div class='av-flex-placeholder'><\/div>\n<style type=\"text\/css\" data-created_by=\"avia_inline_auto\" id=\"style-css-av-1p9xfv3-a3d29ba01ec757fe2e2ef0bd47fdc368\">\n.flex_column.av-1p9xfv3-a3d29ba01ec757fe2e2ef0bd47fdc368{\nborder-width:1px;\nborder-color:#333333;\nborder-style:solid;\nborder-radius:0px 0px 0px 0px;\npadding:10px 10px 10px 10px;\n}\n<\/style>\n<div  class='flex_column av-1p9xfv3-a3d29ba01ec757fe2e2ef0bd47fdc368 av_one_fourth  avia-builder-el-36  el_after_av_one_fourth  el_before_av_one_fourth  ficha flex_column_table_cell av-equal-height-column av-align-top  '     ><p>\n<style type=\"text\/css\" data-created_by=\"avia_inline_auto\" id=\"style-css-av-kmkp146u-7813fd3abc99cda7a95ec1211759c9b5\">\n.avia-image-container.av-kmkp146u-7813fd3abc99cda7a95ec1211759c9b5 img.avia_image{\nbox-shadow:none;\n}\n.avia-image-container.av-kmkp146u-7813fd3abc99cda7a95ec1211759c9b5 .av-image-caption-overlay-center{\ncolor:#ffffff;\n}\n<\/style>\n<div  class='avia-image-container av-kmkp146u-7813fd3abc99cda7a95ec1211759c9b5 av-styling- avia-align-center  avia-builder-el-37  el_before_av_video  avia-builder-el-first '   itemprop=\"image\" itemscope=\"itemscope\" itemtype=\"https:\/\/schema.org\/ImageObject\" ><div class=\"avia-image-container-inner\"><div class=\"avia-image-overlay-wrap\"><img decoding=\"async\" fetchpriority=\"high\" class='wp-image-13564 avia-img-lazy-loading-not-13564 avia_image ' src=\"https:\/\/www.arabakomendialdea.eus\/wp-content\/uploads\/2021\/03\/6-miradores-astronomicos.png\" alt='' title='6-miradores-astronomicos'  height=\"53\" width=\"60\"  itemprop=\"thumbnailUrl\"  \/><\/div><\/div><\/div><br \/>\n<div  class='avia-video av-kmkp231z-c2b62281268fb9bb77fc2b20dbf047a0 avia-video-16-9 av-no-preview-image avia-video-load-always av-lazyload-immediate av-lazyload-video-embed'  itemprop=\"video\" itemtype=\"https:\/\/schema.org\/VideoObject\"  data-original_url='https:\/\/www.youtube.com\/watch?v=3pzY70Q6VfI'><script type='text\/html' class='av-video-tmpl'><div class='avia-iframe-wrap'><iframe loading=\"lazy\" title=\"FRESNEDO\" width=\"1500\" height=\"844\" src=\"https:\/\/www.youtube.com\/embed\/3pzY70Q6VfI?feature=oembed&autoplay=0&loop=0&controls=1&mute=0\" frameborder=\"0\" allow=\"accelerometer; autoplay; clipboard-write; encrypted-media; gyroscope; picture-in-picture\" allowfullscreen><\/iframe><\/div><\/script><div class='av-click-to-play-overlay'><div class=\"avia_playpause_icon\"><\/div><\/div><\/div><br \/>\n\n<style type=\"text\/css\" data-created_by=\"avia_inline_auto\" id=\"style-css-av-kmkozku7-fc388108c11dfff7fabef09590fddd9e\">\n#top .av-special-heading.av-kmkozku7-fc388108c11dfff7fabef09590fddd9e{\npadding-bottom:0;\n}\nbody .av-special-heading.av-kmkozku7-fc388108c11dfff7fabef09590fddd9e .av-special-heading-tag .heading-char{\nfont-size:25px;\n}\n.av-special-heading.av-kmkozku7-fc388108c11dfff7fabef09590fddd9e .av-subheading{\nfont-size:15px;\n}\n<\/style>\n<div  class='av-special-heading av-kmkozku7-fc388108c11dfff7fabef09590fddd9e av-special-heading-h2 blockquote modern-quote  avia-builder-el-39  el_after_av_video  el_before_av_iconlist '><h2 class='av-special-heading-tag '  itemprop=\"headline\"  >Piscines fluviales de Fresnedo<\/h2><div class='av-subheading av-subheading_below'><p>Santa Cruz de Campezo<\/p>\n<\/div><div class=\"special-heading-border\"><div class=\"special-heading-inner-border\"><\/div><\/div><\/div><br \/>\n<div  class='avia-icon-list-container av-kmkp0t8n-be8eb79ae43ca3204145dcf4672ac958  avia-builder-el-40  el_after_av_heading  avia-builder-el-last '><ul class='avia-icon-list avia_animate_when_almost_visible avia-icon-list-left av-iconlist-small av-kmkp0t8n-be8eb79ae43ca3204145dcf4672ac958 avia-iconlist-animate'>\n<li><div class='iconlist_icon av-kmkp03ft-bfdbbd4f82f03ce5cc0682e04af36a45 avia-font-entypo-fontello avia-iconfont avia-font-entypo-fontello'><span class='av-icon-char' data-av_icon='\ue81e' data-av_iconfont='entypo-fontello' aria-hidden=\"true\"><\/span><\/div><article class=\"article-icon-entry \"  itemscope=\"itemscope\" itemtype=\"https:\/\/schema.org\/CreativeWork\" ><div class=\"iconlist_content_wrap\"><header class=\"entry-content-header\" aria-label=\"Icon: \"><\/header><div class='iconlist_content '  itemprop=\"text\" ><p>Grande esplanade facile d&rsquo;acc\u00e8s avec un horizon d\u00e9gag\u00e9.<\/p>\n<\/div><\/div><footer class=\"entry-footer\"><\/footer><\/article><div class=\"iconlist-timeline\"><\/div><\/li>\n<li><div class='iconlist_icon av-kmkp0s2p-d232a4821d224d9a4009b40101dde04f avia-font-entypo-fontello avia-iconfont avia-font-entypo-fontello'><span class='av-icon-char' data-av_icon='\ue835' data-av_iconfont='entypo-fontello' aria-hidden=\"true\"><\/span><\/div><article class=\"article-icon-entry av-iconlist-empty\"  itemscope=\"itemscope\" itemtype=\"https:\/\/schema.org\/CreativeWork\" ><div class=\"iconlist_content_wrap\"><header class=\"entry-content-header\" aria-label=\"Icon: &lt;a href=&#039;https:\/\/mirador2.behatokizki.org&#039; title=&#039;mirador2.behatokizki.org&#039; target=&quot;_blank&quot;  rel=&quot;noopener noreferrer&quot;&gt;mirador2.behatokizki.org&lt;\/a&gt;\"><div class='av_iconlist_title iconlist_title_small  '  itemprop=\"headline\" ><a href='https:\/\/mirador2.behatokizki.org' title='mirador2.behatokizki.org' target=\"_blank\"  rel=\"noopener noreferrer\">mirador2.behatokizki.org<\/a><\/div><\/header><div class='iconlist_content '  itemprop=\"text\" ><\/div><\/div><footer class=\"entry-footer\"><\/footer><\/article><div class=\"iconlist-timeline\"><\/div><\/li>\n<\/ul><\/div><\/p><\/div><div class='av-flex-placeholder'><\/div>\n<style type=\"text\/css\" data-created_by=\"avia_inline_auto\" id=\"style-css-av-1azvs5r-4431836edc578a1a78b7d80e1e148fd6\">\n.flex_column.av-1azvs5r-4431836edc578a1a78b7d80e1e148fd6{\nborder-width:1px;\nborder-color:#333333;\nborder-style:solid;\nborder-radius:0px 0px 0px 0px;\npadding:10px 10px 10px 10px;\n}\n<\/style>\n<div  class='flex_column av-1azvs5r-4431836edc578a1a78b7d80e1e148fd6 av_one_fourth  avia-builder-el-41  el_after_av_one_fourth  el_before_av_one_fourth  ficha flex_column_table_cell av-equal-height-column av-align-top  '     ><p>\n<style type=\"text\/css\" data-created_by=\"avia_inline_auto\" id=\"style-css-av-kmkp2f0y-0e2894f463d20bd218bce8065ae536de\">\n.avia-image-container.av-kmkp2f0y-0e2894f463d20bd218bce8065ae536de img.avia_image{\nbox-shadow:none;\n}\n.avia-image-container.av-kmkp2f0y-0e2894f463d20bd218bce8065ae536de .av-image-caption-overlay-center{\ncolor:#ffffff;\n}\n<\/style>\n<div  class='avia-image-container av-kmkp2f0y-0e2894f463d20bd218bce8065ae536de av-styling- avia-align-center  avia-builder-el-42  el_before_av_video  avia-builder-el-first '   itemprop=\"image\" itemscope=\"itemscope\" itemtype=\"https:\/\/schema.org\/ImageObject\" ><div class=\"avia-image-container-inner\"><div class=\"avia-image-overlay-wrap\"><img decoding=\"async\" fetchpriority=\"high\" class='wp-image-13568 avia-img-lazy-loading-not-13568 avia_image ' src=\"https:\/\/www.arabakomendialdea.eus\/wp-content\/uploads\/2021\/03\/7-miradores-astronomicos.png\" alt='' title='7-miradores-astronomicos'  height=\"53\" width=\"60\"  itemprop=\"thumbnailUrl\"  \/><\/div><\/div><\/div><br \/>\n<div  class='avia-video av-kmkp601l-edf368b2aecce59102067900a12edd83 avia-video-16-9 av-no-preview-image avia-video-load-always av-lazyload-immediate av-lazyload-video-embed'  itemprop=\"video\" itemtype=\"https:\/\/schema.org\/VideoObject\"  data-original_url='https:\/\/www.youtube.com\/watch?v=QFZzS9WmKy8'><script type='text\/html' class='av-video-tmpl'><div class='avia-iframe-wrap'><iframe loading=\"lazy\" title=\"BAROJA\" width=\"1500\" height=\"844\" src=\"https:\/\/www.youtube.com\/embed\/QFZzS9WmKy8?feature=oembed&autoplay=0&loop=0&controls=1&mute=0\" frameborder=\"0\" allow=\"accelerometer; autoplay; clipboard-write; encrypted-media; gyroscope; picture-in-picture\" allowfullscreen><\/iframe><\/div><\/script><div class='av-click-to-play-overlay'><div class=\"avia_playpause_icon\"><\/div><\/div><\/div><br \/>\n\n<style type=\"text\/css\" data-created_by=\"avia_inline_auto\" id=\"style-css-av-kmkp40as-fa33dfdcff17785f9fa94bbed4a59e58\">\n#top .av-special-heading.av-kmkp40as-fa33dfdcff17785f9fa94bbed4a59e58{\npadding-bottom:0;\n}\nbody .av-special-heading.av-kmkp40as-fa33dfdcff17785f9fa94bbed4a59e58 .av-special-heading-tag .heading-char{\nfont-size:25px;\n}\n.av-special-heading.av-kmkp40as-fa33dfdcff17785f9fa94bbed4a59e58 .av-subheading{\nfont-size:15px;\n}\n<\/style>\n<div  class='av-special-heading av-kmkp40as-fa33dfdcff17785f9fa94bbed4a59e58 av-special-heading-h2 blockquote modern-quote  avia-builder-el-44  el_after_av_video  el_before_av_iconlist '><h2 class='av-special-heading-tag '  itemprop=\"headline\"  >Pe\u00f1a Hueca. Baroja-Loza<\/h2><div class='av-subheading av-subheading_below'><p>Pe\u00f1acerrada<\/p>\n<\/div><div class=\"special-heading-border\"><div class=\"special-heading-inner-border\"><\/div><\/div><\/div><br \/>\n<div  class='avia-icon-list-container av-kmkp5f3p-c021e690bea377b298c8907a27c5f9e2  avia-builder-el-45  el_after_av_heading  avia-builder-el-last '><ul class='avia-icon-list avia_animate_when_almost_visible avia-icon-list-left av-iconlist-small av-kmkp5f3p-c021e690bea377b298c8907a27c5f9e2 avia-iconlist-animate'>\n<li><div class='iconlist_icon av-kmkp4f7u-a28c02153c2377cdd893e72bbb6f48b7 avia-font-entypo-fontello avia-iconfont avia-font-entypo-fontello'><span class='av-icon-char' data-av_icon='\ue81e' data-av_iconfont='entypo-fontello' aria-hidden=\"true\"><\/span><\/div><article class=\"article-icon-entry \"  itemscope=\"itemscope\" itemtype=\"https:\/\/schema.org\/CreativeWork\" ><div class=\"iconlist_content_wrap\"><header class=\"entry-content-header\" aria-label=\"Icon: \"><\/header><div class='iconlist_content '  itemprop=\"text\" ><p>Zone tr\u00e8s d\u00e9gag\u00e9e avec une bonne qualit\u00e9 du ciel, \u00e9loign\u00e9e de la population, situ\u00e9e sur le coteau entre Baroja et Loza. Ruines m\u00e9di\u00e9vales proches.<\/p>\n<\/div><\/div><footer class=\"entry-footer\"><\/footer><\/article><div class=\"iconlist-timeline\"><\/div><\/li>\n<li><div class='iconlist_icon av-kmkp5dql-de8659548737aeb65ffd4a9aa282bf0a avia-font-entypo-fontello avia-iconfont avia-font-entypo-fontello'><span class='av-icon-char' data-av_icon='\ue835' data-av_iconfont='entypo-fontello' aria-hidden=\"true\"><\/span><\/div><article class=\"article-icon-entry av-iconlist-empty\"  itemscope=\"itemscope\" itemtype=\"https:\/\/schema.org\/CreativeWork\" ><div class=\"iconlist_content_wrap\"><header class=\"entry-content-header\" aria-label=\"Icon: &lt;a href=&#039;https:\/\/mirador1.behatokizki.org&#039; title=&#039;mirador1.behatokizki.org&#039; target=&quot;_blank&quot;  rel=&quot;noopener noreferrer&quot;&gt;mirador1.behatokizki.org&lt;\/a&gt;\"><div class='av_iconlist_title iconlist_title_small  '  itemprop=\"headline\" ><a href='https:\/\/mirador1.behatokizki.org' title='mirador1.behatokizki.org' target=\"_blank\"  rel=\"noopener noreferrer\">mirador1.behatokizki.org<\/a><\/div><\/header><div class='iconlist_content '  itemprop=\"text\" ><\/div><\/div><footer class=\"entry-footer\"><\/footer><\/article><div class=\"iconlist-timeline\"><\/div><\/li>\n<\/ul><\/div><\/p><\/div><div class='av-flex-placeholder'><\/div>\n<style type=\"text\/css\" data-created_by=\"avia_inline_auto\" id=\"style-css-av-n9819r-65aa8a355b1f4481de718d634d9a5621\">\n.flex_column.av-n9819r-65aa8a355b1f4481de718d634d9a5621{\nborder-width:1px;\nborder-color:#333333;\nborder-style:solid;\nborder-radius:0px 0px 0px 0px;\npadding:10px 10px 10px 10px;\n}\n<\/style>\n<div  class='flex_column av-n9819r-65aa8a355b1f4481de718d634d9a5621 av_one_fourth  avia-builder-el-46  el_after_av_one_fourth  avia-builder-el-last  ficha flex_column_table_cell av-equal-height-column av-align-top  '     ><p>\n<style type=\"text\/css\" data-created_by=\"avia_inline_auto\" id=\"style-css-av-kmkp6aqv-77e1624d54359d3baea5f2fd29948295\">\n.avia-image-container.av-kmkp6aqv-77e1624d54359d3baea5f2fd29948295 img.avia_image{\nbox-shadow:none;\n}\n.avia-image-container.av-kmkp6aqv-77e1624d54359d3baea5f2fd29948295 .av-image-caption-overlay-center{\ncolor:#ffffff;\n}\n<\/style>\n<div  class='avia-image-container av-kmkp6aqv-77e1624d54359d3baea5f2fd29948295 av-styling- avia-align-center  avia-builder-el-47  el_before_av_video  avia-builder-el-first '   itemprop=\"image\" itemscope=\"itemscope\" itemtype=\"https:\/\/schema.org\/ImageObject\" ><div class=\"avia-image-container-inner\"><div class=\"avia-image-overlay-wrap\"><img decoding=\"async\" fetchpriority=\"high\" class='wp-image-13572 avia-img-lazy-loading-not-13572 avia_image ' src=\"https:\/\/www.arabakomendialdea.eus\/wp-content\/uploads\/2021\/03\/8-miradores-astronomicos.png\" alt='' title='8-miradores-astronomicos'  height=\"53\" width=\"60\"  itemprop=\"thumbnailUrl\"  \/><\/div><\/div><\/div><br \/>\n<div  class='avia-video av-kmkpamn2-f77b383135fb121b2c56ae6aeb340b9a avia-video-16-9 av-no-preview-image avia-video-load-always av-lazyload-immediate av-lazyload-video-embed'  itemprop=\"video\" itemtype=\"https:\/\/schema.org\/VideoObject\"  data-original_url=' https:\/\/www.youtube.com\/watch?v=B2OCu0eguIQ'><script type='text\/html' class='av-video-tmpl'><div class='avia-iframe-wrap'><iframe loading=\"lazy\" title=\"LAGR\u00c1N\" width=\"1500\" height=\"844\" src=\"https:\/\/www.youtube.com\/embed\/B2OCu0eguIQ?feature=oembed&autoplay=0&loop=0&controls=1&mute=0\" frameborder=\"0\" allow=\"accelerometer; autoplay; clipboard-write; encrypted-media; gyroscope; picture-in-picture\" allowfullscreen><\/iframe><\/div><\/script><div class='av-click-to-play-overlay'><div class=\"avia_playpause_icon\"><\/div><\/div><\/div><br \/>\n\n<style type=\"text\/css\" data-created_by=\"avia_inline_auto\" id=\"style-css-av-kmkp7slx-c2b3745c47b6abfb8c1c89c248a274aa\">\n#top .av-special-heading.av-kmkp7slx-c2b3745c47b6abfb8c1c89c248a274aa{\npadding-bottom:0;\n}\nbody .av-special-heading.av-kmkp7slx-c2b3745c47b6abfb8c1c89c248a274aa .av-special-heading-tag .heading-char{\nfont-size:25px;\n}\n.av-special-heading.av-kmkp7slx-c2b3745c47b6abfb8c1c89c248a274aa .av-subheading{\nfont-size:15px;\n}\n<\/style>\n<div  class='av-special-heading av-kmkp7slx-c2b3745c47b6abfb8c1c89c248a274aa av-special-heading-h2 blockquote modern-quote  avia-builder-el-49  el_after_av_video  el_before_av_iconlist '><h2 class='av-special-heading-tag '  itemprop=\"headline\"  >Ermitage de Saint Barth\u00e9l\u00e9my<\/h2><div class='av-subheading av-subheading_below'><p>Lagr\u00e1n<\/p>\n<\/div><div class=\"special-heading-border\"><div class=\"special-heading-inner-border\"><\/div><\/div><\/div><br \/>\n<div  class='avia-icon-list-container av-kmkpa5bk-043292c9b5722bd4cb856847480ba111  avia-builder-el-50  el_after_av_heading  avia-builder-el-last '><ul class='avia-icon-list avia_animate_when_almost_visible avia-icon-list-left av-iconlist-small av-kmkpa5bk-043292c9b5722bd4cb856847480ba111 avia-iconlist-animate'>\n<li><div class='iconlist_icon av-kmkp904b-003e7596334a0356b70123ed99182be3 avia-font-entypo-fontello avia-iconfont avia-font-entypo-fontello'><span class='av-icon-char' data-av_icon='\ue81e' data-av_iconfont='entypo-fontello' aria-hidden=\"true\"><\/span><\/div><article class=\"article-icon-entry \"  itemscope=\"itemscope\" itemtype=\"https:\/\/schema.org\/CreativeWork\" ><div class=\"iconlist_content_wrap\"><header class=\"entry-content-header\" aria-label=\"Icon: \"><\/header><div class='iconlist_content '  itemprop=\"text\" ><p>Vaste espace avec zone pour barbecue et horizon d\u00e9gag\u00e9, moins au sud, puisqu\u2019il se trouve aux pieds de la Sierra de Tolo\u00f1o-Cantabrie.<\/p>\n<\/div><\/div><footer class=\"entry-footer\"><\/footer><\/article><div class=\"iconlist-timeline\"><\/div><\/li>\n<li><div class='iconlist_icon av-kmkpa40o-bd1873f98c0ff665b6e69c6d01fc94e0 avia-font-entypo-fontello avia-iconfont avia-font-entypo-fontello'><span class='av-icon-char' data-av_icon='\ue835' data-av_iconfont='entypo-fontello' aria-hidden=\"true\"><\/span><\/div><article class=\"article-icon-entry av-iconlist-empty\"  itemscope=\"itemscope\" itemtype=\"https:\/\/schema.org\/CreativeWork\" ><div class=\"iconlist_content_wrap\"><header class=\"entry-content-header\" aria-label=\"Icon: &lt;a href=&#039;https:\/\/mirador3.behatokizki.org&#039; title=&#039;mirador3.behatokizki.org&#039; target=&quot;_blank&quot;  rel=&quot;noopener noreferrer&quot;&gt;mirador3.behatokizki.org&lt;\/a&gt;\"><div class='av_iconlist_title iconlist_title_small  '  itemprop=\"headline\" ><a href='https:\/\/mirador3.behatokizki.org' title='mirador3.behatokizki.org' target=\"_blank\"  rel=\"noopener noreferrer\">mirador3.behatokizki.org<\/a><\/div><\/header><div class='iconlist_content '  itemprop=\"text\" ><\/div><\/div><footer class=\"entry-footer\"><\/footer><\/article><div class=\"iconlist-timeline\"><\/div><\/li>\n<\/ul><\/div><\/p><\/div><\/div><!--close column table wrapper. Autoclose: 1 -->\n<\/div><\/div><\/div><!-- close content main div --><\/div><\/div><div id='after_section_2'  class='main_color av_default_container_wrap container_wrap fullsize'  ><div class='container av-section-cont-open' ><div class='template-page content  av-content-full alpha units'><div class='post-entry post-entry-type-page post-entry-14016'><div class='entry-content-wrapper clearfix'><\/p>\n<div class='flex_column_table av-12oclpr-178db55e64ac414e6a80452d4ec13b6d sc-av_one_half av-equal-height-column-flextable'>\n<style type=\"text\/css\" data-created_by=\"avia_inline_auto\" id=\"style-css-av-12oclpr-178db55e64ac414e6a80452d4ec13b6d\">\n.flex_column.av-12oclpr-178db55e64ac414e6a80452d4ec13b6d{\nborder-radius:0px 0px 0px 0px;\npadding:0px 0px 0px 0px;\n}\n<\/style>\n<div  class='flex_column av-12oclpr-178db55e64ac414e6a80452d4ec13b6d av_one_half  avia-builder-el-51  el_after_av_section  el_before_av_one_half  avia-builder-el-first  first flex_column_table_cell av-equal-height-column av-align-top av-zero-column-padding  '     ><section  class='av_textblock_section av-kmki3mq0-17e09877bc084977277d7ea27cf1a291 '   itemscope=\"itemscope\" itemtype=\"https:\/\/schema.org\/CreativeWork\" ><div class='avia_textblock'  itemprop=\"text\" ><h2>Le ciel selon les saisons<\/h2>\n<p>En apparence, la Terre semble immobile tandis qu\u2019autour d\u2019elle tournent tous les corps c\u00e9lestes approximativement en 24 heures.<\/p>\n<p>Ces objets c\u00e9lestes se d\u00e9placent d\u2019Est en Ouest donnant la sensation que c\u2019est la vo\u00fbte c\u00e9leste qui tourne autour de la Terre, lorsqu\u2019en r\u00e9alit\u00e9 c\u2019est la Terre qui tourne autour de son propre axe, dans le sens Ouest-Est.<\/p>\n<p>Si l\u2019on regarde les \u00e9toiles pendant des heures, on observera un mouvement commun sans modifier la figure des constellations.<\/p>\n<p>Les \u00e9toiles qui sont vers l\u2019Est s\u2019\u00e9l\u00e8vent, celles qui sont au Sud se d\u00e9placent vers l\u2019Ouest, et celles qui sont vers l\u2019Ouest descendent vers l\u2019horizon jusqu\u2019\u00e0 dispara\u00eetre.<\/p>\n<p>Depuis la Cuadrilla de Campezo Monta\u00f1a Alavesa (nom officiel de la r\u00e9gion), les \u00e9toiles \u00e9loign\u00e9es de moins de 42\u00ba du p\u00f4le nord c\u00e9leste ne se l\u00e8vent ni ne se couchent jamais, elles sont toujours au-dessus de l\u2019horizon et se voient toujours.<\/p>\n<p>Elles sont appel\u00e9es constellations circumpolaires, des exemples typiques \u00e9tant la Grande Ourse, la Petite Ourse, Cassiop\u00e9e, le Dragon, etc.<\/p>\n<p>Les autres constellations visibles sont divis\u00e9es par saisons. Cela ne veut pas dire qu\u2019elles soient visibles uniquement \u00e0 cette \u00e9poque de l\u2019ann\u00e9e mais que leur observation est plus favorable aux premi\u00e8res heures de la nuit.<\/p>\n<p>Des projets fascinants ont \u00e9t\u00e9 r\u00e9alis\u00e9s, tels que l\u2019installation de l\u2019Observatoire Astronomique \u00e0 distance Behatokizki, situ\u00e9 \u00e0 Korres, dans le Parc Naturel d\u2019Izki, en collaboration avec l\u2019Association Astronomique La Otra Mitad, la Mairie d\u2019Arraia-Maeztu et la D\u00e9putation Forale d\u2019Alava.<\/p>\n<p>Dans une s\u00e9quence logique initialement fix\u00e9e avec la construction de cet observatoire, il y avait son \u00ab Montage \u00bb et \u00ab Mise au point \u00bb, \u00ab l\u2019acquisition des premi\u00e8res images \u00bb, son \u00ab Optimisation \u00bb, son \u00ab Utilisation \u00e0 distance \u00bb afin de pouvoir l\u2019utiliser de mani\u00e8re non pr\u00e9sentielle et actuellement, il est en phase de \u00ab Robotisation \u00bb, afin de pouvoir automatiser et programmer les s\u00e9quences des proc\u00e9d\u00e9s et t\u00e2ches, qui permettent au syst\u00e8me de fonctionner de mani\u00e8re autonome, g\u00e9rant les appareils sans besoin d\u2019une surveillance technique constante.<\/p>\n<\/div><\/section><\/div>\n<div class='av-flex-placeholder'><\/div>\n<style type=\"text\/css\" data-created_by=\"avia_inline_auto\" id=\"style-css-av-zmbp4f-8429839f64779da8a6b11e5e2f89ea1f\">\n.flex_column.av-zmbp4f-8429839f64779da8a6b11e5e2f89ea1f{\nborder-radius:0px 0px 0px 0px;\npadding:0px 0px 0px 0px;\n}\n<\/style>\n<div  class='flex_column av-zmbp4f-8429839f64779da8a6b11e5e2f89ea1f av_one_half  avia-builder-el-53  el_after_av_one_half  avia-builder-el-last  flex_column_table_cell av-equal-height-column av-align-top av-zero-column-padding  '     ><p><div  class='avia-video av-kmkqf0x9-f5b132d98226f633902e8d487694babd avia-video-16-9 av-no-preview-image avia-video-load-always av-lazyload-immediate av-lazyload-video-embed'  itemprop=\"video\" itemtype=\"https:\/\/schema.org\/VideoObject\"  data-original_url='https:\/\/youtu.be\/nmBdwceDpIQ'><script type='text\/html' class='av-video-tmpl'><div class='avia-iframe-wrap'><iframe loading=\"lazy\" title=\"GUIA DE LAS CONSTELACIONES\" width=\"1500\" height=\"844\" src=\"https:\/\/www.youtube.com\/embed\/nmBdwceDpIQ?feature=oembed&autoplay=0&loop=0&controls=1&mute=0\" frameborder=\"0\" allow=\"accelerometer; autoplay; clipboard-write; encrypted-media; gyroscope; picture-in-picture\" allowfullscreen><\/iframe><\/div><\/script><div class='av-click-to-play-overlay'><div class=\"avia_playpause_icon\"><\/div><\/div><\/div><br \/>\n<div  class='avia-video av-kmkqfbcq-57c0fbe450535660419bfaef2287314b avia-video-16-9 av-no-preview-image avia-video-load-always av-lazyload-immediate av-lazyload-video-embed'  itemprop=\"video\" itemtype=\"https:\/\/schema.org\/VideoObject\"  data-original_url='https:\/\/www.youtube.com\/watch?v=TmzjE8_u81w'><script type='text\/html' class='av-video-tmpl'><div class='avia-iframe-wrap'><iframe loading=\"lazy\" title=\"MANEJO DEL PLANISFERIO CELESTE\" width=\"1500\" height=\"844\" src=\"https:\/\/www.youtube.com\/embed\/TmzjE8_u81w?feature=oembed&autoplay=0&loop=0&controls=1&mute=0\" frameborder=\"0\" allow=\"accelerometer; autoplay; clipboard-write; encrypted-media; gyroscope; picture-in-picture\" allowfullscreen><\/iframe><\/div><\/script><div class='av-click-to-play-overlay'><div class=\"avia_playpause_icon\"><\/div><\/div><\/div><\/p><\/div><\/div><!--close column table wrapper. Autoclose: 1 -->\n","protected":false},"excerpt":{"rendered":"","protected":false},"author":1,"featured_media":13736,"comment_status":"closed","ping_status":"closed","template":"","meta":{"footnotes":""},"tags":[],"portfolio_entries":[102,106],"class_list":["post-14016","portfolio","type-portfolio","status-publish","has-post-thumbnail","hentry","portfolio_entries-bons-plans-en-famille","portfolio_entries-se-promener-dans-la-nature"],"yoast_head":"<!-- This site is optimized with the Yoast SEO plugin v26.5 - https:\/\/yoast.com\/wordpress\/plugins\/seo\/ -->\n<title>Miradors Astronomiques Montagne Alavaise - Arabako Mendialdeko Kuadrilla - Cuadrilla Monta\u00f1a Alavesa<\/title>\n<meta name=\"robots\" content=\"index, follow, max-snippet:-1, max-image-preview:large, max-video-preview:-1\" \/>\n<link rel=\"canonical\" href=\"https:\/\/www.arabakomendialdea.eus\/fr\/arabako-mendialdea\/miradors-astronomiques-montagne-alavaise\/\" \/>\n<meta property=\"og:locale\" content=\"fr_FR\" \/>\n<meta property=\"og:type\" content=\"article\" \/>\n<meta property=\"og:title\" content=\"Miradors Astronomiques Montagne Alavaise - Arabako Mendialdeko Kuadrilla - Cuadrilla Monta\u00f1a Alavesa\" \/>\n<meta property=\"og:url\" content=\"https:\/\/www.arabakomendialdea.eus\/fr\/arabako-mendialdea\/miradors-astronomiques-montagne-alavaise\/\" \/>\n<meta property=\"og:site_name\" content=\"Arabako Mendialdeko Kuadrilla - Cuadrilla Monta\u00f1a Alavesa\" \/>\n<meta property=\"article:modified_time\" content=\"2021-04-17T14:48:45+00:00\" \/>\n<meta property=\"og:image\" content=\"https:\/\/www.arabakomendialdea.eus\/wp-content\/uploads\/2021\/03\/turismo-miradores-astronomicos.jpg\" \/>\n\t<meta property=\"og:image:width\" content=\"600\" \/>\n\t<meta property=\"og:image:height\" content=\"400\" \/>\n\t<meta property=\"og:image:type\" content=\"image\/jpeg\" \/>\n<meta name=\"twitter:card\" content=\"summary_large_image\" \/>\n<meta name=\"twitter:label1\" content=\"Dur\u00e9e de lecture estim\u00e9e\" \/>\n\t<meta name=\"twitter:data1\" content=\"11 minutes\" \/>\n<script type=\"application\/ld+json\" class=\"yoast-schema-graph\">{\"@context\":\"https:\/\/schema.org\",\"@graph\":[{\"@type\":\"WebPage\",\"@id\":\"https:\/\/www.arabakomendialdea.eus\/fr\/arabako-mendialdea\/miradors-astronomiques-montagne-alavaise\/\",\"url\":\"https:\/\/www.arabakomendialdea.eus\/fr\/arabako-mendialdea\/miradors-astronomiques-montagne-alavaise\/\",\"name\":\"Miradors Astronomiques Montagne Alavaise - Arabako Mendialdeko Kuadrilla - Cuadrilla Monta\u00f1a Alavesa\",\"isPartOf\":{\"@id\":\"https:\/\/www.arabakomendialdea.eus\/#website\"},\"primaryImageOfPage\":{\"@id\":\"https:\/\/www.arabakomendialdea.eus\/fr\/arabako-mendialdea\/miradors-astronomiques-montagne-alavaise\/#primaryimage\"},\"image\":{\"@id\":\"https:\/\/www.arabakomendialdea.eus\/fr\/arabako-mendialdea\/miradors-astronomiques-montagne-alavaise\/#primaryimage\"},\"thumbnailUrl\":\"https:\/\/www.arabakomendialdea.eus\/wp-content\/uploads\/2021\/03\/turismo-miradores-astronomicos.jpg\",\"datePublished\":\"2021-03-22T11:17:06+00:00\",\"dateModified\":\"2021-04-17T14:48:45+00:00\",\"breadcrumb\":{\"@id\":\"https:\/\/www.arabakomendialdea.eus\/fr\/arabako-mendialdea\/miradors-astronomiques-montagne-alavaise\/#breadcrumb\"},\"inLanguage\":\"fr-FR\",\"potentialAction\":[{\"@type\":\"ReadAction\",\"target\":[\"https:\/\/www.arabakomendialdea.eus\/fr\/arabako-mendialdea\/miradors-astronomiques-montagne-alavaise\/\"]}]},{\"@type\":\"ImageObject\",\"inLanguage\":\"fr-FR\",\"@id\":\"https:\/\/www.arabakomendialdea.eus\/fr\/arabako-mendialdea\/miradors-astronomiques-montagne-alavaise\/#primaryimage\",\"url\":\"https:\/\/www.arabakomendialdea.eus\/wp-content\/uploads\/2021\/03\/turismo-miradores-astronomicos.jpg\",\"contentUrl\":\"https:\/\/www.arabakomendialdea.eus\/wp-content\/uploads\/2021\/03\/turismo-miradores-astronomicos.jpg\",\"width\":600,\"height\":400},{\"@type\":\"BreadcrumbList\",\"@id\":\"https:\/\/www.arabakomendialdea.eus\/fr\/arabako-mendialdea\/miradors-astronomiques-montagne-alavaise\/#breadcrumb\",\"itemListElement\":[{\"@type\":\"ListItem\",\"position\":1,\"name\":\"Portada\",\"item\":\"https:\/\/www.arabakomendialdea.eus\/fr\/\"},{\"@type\":\"ListItem\",\"position\":2,\"name\":\"Miradors Astronomiques Montagne Alavaise\"}]},{\"@type\":\"WebSite\",\"@id\":\"https:\/\/www.arabakomendialdea.eus\/#website\",\"url\":\"https:\/\/www.arabakomendialdea.eus\/\",\"name\":\"Arabako Mendialdeko Kuadrilla - Cuadrilla Monta\u00f1a Alavesa\",\"description\":\"\",\"potentialAction\":[{\"@type\":\"SearchAction\",\"target\":{\"@type\":\"EntryPoint\",\"urlTemplate\":\"https:\/\/www.arabakomendialdea.eus\/?s={search_term_string}\"},\"query-input\":{\"@type\":\"PropertyValueSpecification\",\"valueRequired\":true,\"valueName\":\"search_term_string\"}}],\"inLanguage\":\"fr-FR\"}]}<\/script>\n<!-- \/ Yoast SEO plugin. -->","yoast_head_json":{"title":"Miradors Astronomiques Montagne Alavaise - Arabako Mendialdeko Kuadrilla - Cuadrilla Monta\u00f1a Alavesa","robots":{"index":"index","follow":"follow","max-snippet":"max-snippet:-1","max-image-preview":"max-image-preview:large","max-video-preview":"max-video-preview:-1"},"canonical":"https:\/\/www.arabakomendialdea.eus\/fr\/arabako-mendialdea\/miradors-astronomiques-montagne-alavaise\/","og_locale":"fr_FR","og_type":"article","og_title":"Miradors Astronomiques Montagne Alavaise - Arabako Mendialdeko Kuadrilla - Cuadrilla Monta\u00f1a Alavesa","og_url":"https:\/\/www.arabakomendialdea.eus\/fr\/arabako-mendialdea\/miradors-astronomiques-montagne-alavaise\/","og_site_name":"Arabako Mendialdeko Kuadrilla - Cuadrilla Monta\u00f1a Alavesa","article_modified_time":"2021-04-17T14:48:45+00:00","og_image":[{"width":600,"height":400,"url":"https:\/\/www.arabakomendialdea.eus\/wp-content\/uploads\/2021\/03\/turismo-miradores-astronomicos.jpg","type":"image\/jpeg"}],"twitter_card":"summary_large_image","twitter_misc":{"Dur\u00e9e de lecture estim\u00e9e":"11 minutes"},"schema":{"@context":"https:\/\/schema.org","@graph":[{"@type":"WebPage","@id":"https:\/\/www.arabakomendialdea.eus\/fr\/arabako-mendialdea\/miradors-astronomiques-montagne-alavaise\/","url":"https:\/\/www.arabakomendialdea.eus\/fr\/arabako-mendialdea\/miradors-astronomiques-montagne-alavaise\/","name":"Miradors Astronomiques Montagne Alavaise - Arabako Mendialdeko Kuadrilla - Cuadrilla Monta\u00f1a Alavesa","isPartOf":{"@id":"https:\/\/www.arabakomendialdea.eus\/#website"},"primaryImageOfPage":{"@id":"https:\/\/www.arabakomendialdea.eus\/fr\/arabako-mendialdea\/miradors-astronomiques-montagne-alavaise\/#primaryimage"},"image":{"@id":"https:\/\/www.arabakomendialdea.eus\/fr\/arabako-mendialdea\/miradors-astronomiques-montagne-alavaise\/#primaryimage"},"thumbnailUrl":"https:\/\/www.arabakomendialdea.eus\/wp-content\/uploads\/2021\/03\/turismo-miradores-astronomicos.jpg","datePublished":"2021-03-22T11:17:06+00:00","dateModified":"2021-04-17T14:48:45+00:00","breadcrumb":{"@id":"https:\/\/www.arabakomendialdea.eus\/fr\/arabako-mendialdea\/miradors-astronomiques-montagne-alavaise\/#breadcrumb"},"inLanguage":"fr-FR","potentialAction":[{"@type":"ReadAction","target":["https:\/\/www.arabakomendialdea.eus\/fr\/arabako-mendialdea\/miradors-astronomiques-montagne-alavaise\/"]}]},{"@type":"ImageObject","inLanguage":"fr-FR","@id":"https:\/\/www.arabakomendialdea.eus\/fr\/arabako-mendialdea\/miradors-astronomiques-montagne-alavaise\/#primaryimage","url":"https:\/\/www.arabakomendialdea.eus\/wp-content\/uploads\/2021\/03\/turismo-miradores-astronomicos.jpg","contentUrl":"https:\/\/www.arabakomendialdea.eus\/wp-content\/uploads\/2021\/03\/turismo-miradores-astronomicos.jpg","width":600,"height":400},{"@type":"BreadcrumbList","@id":"https:\/\/www.arabakomendialdea.eus\/fr\/arabako-mendialdea\/miradors-astronomiques-montagne-alavaise\/#breadcrumb","itemListElement":[{"@type":"ListItem","position":1,"name":"Portada","item":"https:\/\/www.arabakomendialdea.eus\/fr\/"},{"@type":"ListItem","position":2,"name":"Miradors Astronomiques Montagne Alavaise"}]},{"@type":"WebSite","@id":"https:\/\/www.arabakomendialdea.eus\/#website","url":"https:\/\/www.arabakomendialdea.eus\/","name":"Arabako Mendialdeko Kuadrilla - Cuadrilla Monta\u00f1a Alavesa","description":"","potentialAction":[{"@type":"SearchAction","target":{"@type":"EntryPoint","urlTemplate":"https:\/\/www.arabakomendialdea.eus\/?s={search_term_string}"},"query-input":{"@type":"PropertyValueSpecification","valueRequired":true,"valueName":"search_term_string"}}],"inLanguage":"fr-FR"}]}},"_links":{"self":[{"href":"https:\/\/www.arabakomendialdea.eus\/fr\/wp-json\/wp\/v2\/portfolio\/14016","targetHints":{"allow":["GET"]}}],"collection":[{"href":"https:\/\/www.arabakomendialdea.eus\/fr\/wp-json\/wp\/v2\/portfolio"}],"about":[{"href":"https:\/\/www.arabakomendialdea.eus\/fr\/wp-json\/wp\/v2\/types\/portfolio"}],"author":[{"embeddable":true,"href":"https:\/\/www.arabakomendialdea.eus\/fr\/wp-json\/wp\/v2\/users\/1"}],"replies":[{"embeddable":true,"href":"https:\/\/www.arabakomendialdea.eus\/fr\/wp-json\/wp\/v2\/comments?post=14016"}],"version-history":[{"count":3,"href":"https:\/\/www.arabakomendialdea.eus\/fr\/wp-json\/wp\/v2\/portfolio\/14016\/revisions"}],"predecessor-version":[{"id":14028,"href":"https:\/\/www.arabakomendialdea.eus\/fr\/wp-json\/wp\/v2\/portfolio\/14016\/revisions\/14028"}],"wp:featuredmedia":[{"embeddable":true,"href":"https:\/\/www.arabakomendialdea.eus\/fr\/wp-json\/wp\/v2\/media\/13736"}],"wp:attachment":[{"href":"https:\/\/www.arabakomendialdea.eus\/fr\/wp-json\/wp\/v2\/media?parent=14016"}],"wp:term":[{"taxonomy":"post_tag","embeddable":true,"href":"https:\/\/www.arabakomendialdea.eus\/fr\/wp-json\/wp\/v2\/tags?post=14016"},{"taxonomy":"portfolio_entries","embeddable":true,"href":"https:\/\/www.arabakomendialdea.eus\/fr\/wp-json\/wp\/v2\/portfolio_entries?post=14016"}],"curies":[{"name":"wp","href":"https:\/\/api.w.org\/{rel}","templated":true}]}}