{"id":6851,"date":"2020-05-14T03:00:10","date_gmt":"2020-05-14T01:00:10","guid":{"rendered":"https:\/\/www.arabakomendialdea.eus\/arabako-mendialdea\/senderismo\/"},"modified":"2023-12-29T11:03:38","modified_gmt":"2023-12-29T10:03:38","slug":"randonnees","status":"publish","type":"portfolio","link":"https:\/\/www.arabakomendialdea.eus\/fr\/arabako-mendialdea\/randonnees\/","title":{"rendered":"Randonn\u00e9es"},"content":{"rendered":"\n<style type=\"text\/css\" data-created_by=\"avia_inline_auto\" id=\"style-css-av-kagxbtv0-c71f53c7302a134c3ab0a7ef1849e88b\">\n.av-horizontal-gallery.av-kagxbtv0-c71f53c7302a134c3ab0a7ef1849e88b .av-horizontal-gallery-inner{\npadding-bottom:25%;\n}\n<\/style>\n<div  class='av-horizontal-gallery av-kagxbtv0-c71f53c7302a134c3ab0a7ef1849e88b av-horizontal-gallery-no-gap av-horizontal-gallery--effect  avia-builder-el-0  el_before_av_section  avia-builder-el-first  av-slideshow-ui av-control-default av-slideshow-manual av-loop-once av-loop-manual-endless av-horizontal-gallery-1' data-slideshow-data=\"{&quot;animation&quot;:&quot;slide&quot;,&quot;autoplay&quot;:false,&quot;loop_autoplay&quot;:&quot;once&quot;,&quot;interval&quot;:5,&quot;loop_manual&quot;:&quot;manual-endless&quot;,&quot;autoplay_stopper&quot;:false,&quot;noNavigation&quot;:false,&quot;bg_slider&quot;:false,&quot;keep_padding&quot;:&quot;&quot;,&quot;hoverpause&quot;:false,&quot;show_slide_delay&quot;:0}\"  itemprop=\"image\" itemscope=\"itemscope\" itemtype=\"https:\/\/schema.org\/ImageObject\" ><div class='avia-slideshow-arrows avia-slideshow-controls' ><a href='#prev' class='prev-slide av-horizontal-gallery-prev avia-svg-icon avia-font-svg_entypo-fontello' data-av_svg_icon='left-open-big' data-av_iconset='svg_entypo-fontello' tabindex='-1' title=\"Pr\u00e9c\u00e9dent\"><svg version=\"1.1\" xmlns=\"http:\/\/www.w3.org\/2000\/svg\" width=\"15\" height=\"32\" viewBox=\"0 0 15 32\" preserveAspectRatio=\"xMidYMid meet\" aria-labelledby='av-svg-title-1' aria-describedby='av-svg-desc-1' role=\"graphics-symbol\" aria-hidden=\"true\">\n<title id='av-svg-title-1'>Pr\u00e9c\u00e9dent<\/title>\n<desc id='av-svg-desc-1'>Pr\u00e9c\u00e9dent<\/desc>\n<path d=\"M14.464 27.84q0.832 0.832 0 1.536-0.832 0.832-1.536 0l-12.544-12.608q-0.768-0.768 0-1.6l12.544-12.608q0.704-0.832 1.536 0 0.832 0.704 0 1.536l-11.456 11.904z\"><\/path>\n<\/svg><span class='avia_hidden_link_text'>Pr\u00e9c\u00e9dent<\/span><\/a><a href='#next' class='next-slide av-horizontal-gallery-next avia-svg-icon avia-font-svg_entypo-fontello' data-av_svg_icon='right-open-big' data-av_iconset='svg_entypo-fontello' tabindex='-1' title=\"Suivant\"><svg version=\"1.1\" xmlns=\"http:\/\/www.w3.org\/2000\/svg\" width=\"15\" height=\"32\" viewBox=\"0 0 15 32\" preserveAspectRatio=\"xMidYMid meet\" aria-labelledby='av-svg-title-2' aria-describedby='av-svg-desc-2' role=\"graphics-symbol\" aria-hidden=\"true\">\n<title id='av-svg-title-2'>Suivant<\/title>\n<desc id='av-svg-desc-2'>Suivant<\/desc>\n<path d=\"M0.416 27.84l11.456-11.84-11.456-11.904q-0.832-0.832 0-1.536 0.832-0.832 1.536 0l12.544 12.608q0.768 0.832 0 1.6l-12.544 12.608q-0.704 0.832-1.536 0-0.832-0.704 0-1.536z\"><\/path>\n<\/svg><span class='avia_hidden_link_text'>Suivant<\/span><\/a><\/div><div class='avia-slideshow-dots avia-slideshow-controls av-horizontal-gallery-dots fade-in'><a href='#1' class='goto-slide active' >1<\/a><a href='#2' class='goto-slide ' >2<\/a><a href='#3' class='goto-slide ' >3<\/a><a href='#4' class='goto-slide ' >4<\/a><a href='#5' class='goto-slide ' >5<\/a><\/div><div class='av-horizontal-gallery-inner' data-av-height='25'><div class=\"av-horizontal-gallery-slider\"><div class=\"av-horizontal-gallery-wrap noHover\"><img decoding=\"async\" loading=\"lazy\" class='wp-image-6924 avia-img-lazy-loading-6924 av-horizontal-gallery-img' width=\"1200\" height=\"801\" src=\"https:\/\/www.arabakomendialdea.eus\/wp-content\/uploads\/2020\/05\/senderismo-montana-alavesa-02.jpg\" title='Naturaleza en Monta\u00f1a Alavesa' alt='Naturaleza en Monta\u00f1a Alavesa' srcset=\"https:\/\/www.arabakomendialdea.eus\/wp-content\/uploads\/2020\/05\/senderismo-montana-alavesa-02.jpg 1200w, https:\/\/www.arabakomendialdea.eus\/wp-content\/uploads\/2020\/05\/senderismo-montana-alavesa-02-300x200.jpg 300w, https:\/\/www.arabakomendialdea.eus\/wp-content\/uploads\/2020\/05\/senderismo-montana-alavesa-02-1030x688.jpg 1030w, https:\/\/www.arabakomendialdea.eus\/wp-content\/uploads\/2020\/05\/senderismo-montana-alavesa-02-80x53.jpg 80w, https:\/\/www.arabakomendialdea.eus\/wp-content\/uploads\/2020\/05\/senderismo-montana-alavesa-02-768x513.jpg 768w, https:\/\/www.arabakomendialdea.eus\/wp-content\/uploads\/2020\/05\/senderismo-montana-alavesa-02-705x471.jpg 705w\" sizes=\"auto, (max-width: 1200px) 100vw, 1200px\" \/><a href=\"https:\/\/www.arabakomendialdea.eus\/wp-content\/uploads\/2020\/05\/senderismo-montana-alavesa-02-1030x688.jpg\" data-srcset=\"https:\/\/www.arabakomendialdea.eus\/wp-content\/uploads\/2020\/05\/senderismo-montana-alavesa-02-1030x688.jpg 1030w, https:\/\/www.arabakomendialdea.eus\/wp-content\/uploads\/2020\/05\/senderismo-montana-alavesa-02-300x200.jpg 300w, https:\/\/www.arabakomendialdea.eus\/wp-content\/uploads\/2020\/05\/senderismo-montana-alavesa-02-80x53.jpg 80w, https:\/\/www.arabakomendialdea.eus\/wp-content\/uploads\/2020\/05\/senderismo-montana-alavesa-02-768x513.jpg 768w, https:\/\/www.arabakomendialdea.eus\/wp-content\/uploads\/2020\/05\/senderismo-montana-alavesa-02-705x471.jpg 705w, https:\/\/www.arabakomendialdea.eus\/wp-content\/uploads\/2020\/05\/senderismo-montana-alavesa-02.jpg 1200w\" data-sizes=\"(max-width: 1030px) 100vw, 1030px\" class='av-horizontal-gallery-link avia-svg-icon avia-font-svg_entypo-fontello' data-av_svg_icon='resize-full' data-av_iconset='svg_entypo-fontello' title='Naturaleza en Monta\u00f1a Alavesa' alt='Naturaleza en Monta\u00f1a Alavesa' aria-label='Open image in lightbox: Naturaleza en Monta\u00f1a Alavesa'><svg version=\"1.1\" xmlns=\"http:\/\/www.w3.org\/2000\/svg\" width=\"25\" height=\"32\" viewBox=\"0 0 25 32\" preserveAspectRatio=\"xMidYMid meet\" aria-labelledby='av-svg-title-3' aria-describedby='av-svg-desc-3' role=\"graphics-symbol\" aria-hidden=\"true\">\n<title id='av-svg-title-3'>Open image in lightbox: Naturaleza en Monta\u00f1a Alavesa<\/title>\n<desc id='av-svg-desc-3'>Open image in lightbox: Naturaleza en Monta\u00f1a Alavesa<\/desc>\n<path d=\"M15.232 3.328h10.112v10.112l-3.2-3.968-4.672 4.864-3.2-3.2 4.864-4.672zM7.872 17.536l3.2 3.2-4.864 4.672 3.904 3.2h-10.112v-10.112l3.2 3.904z\"><\/path>\n<\/svg><\/a><\/div><div class=\"av-horizontal-gallery-wrap noHover\"><img decoding=\"async\" loading=\"lazy\" class='wp-image-6925 avia-img-lazy-loading-6925 av-horizontal-gallery-img' width=\"1200\" height=\"800\" src=\"https:\/\/www.arabakomendialdea.eus\/wp-content\/uploads\/2020\/05\/senderismo-montana-alavesa-04.jpg\" title='Senderismo y monta\u00f1ismo en Monta\u00f1a Alavesa' alt='Senderismo y monta\u00f1ismo en Monta\u00f1a Alavesa' srcset=\"https:\/\/www.arabakomendialdea.eus\/wp-content\/uploads\/2020\/05\/senderismo-montana-alavesa-04.jpg 1200w, https:\/\/www.arabakomendialdea.eus\/wp-content\/uploads\/2020\/05\/senderismo-montana-alavesa-04-300x200.jpg 300w, https:\/\/www.arabakomendialdea.eus\/wp-content\/uploads\/2020\/05\/senderismo-montana-alavesa-04-1030x687.jpg 1030w, https:\/\/www.arabakomendialdea.eus\/wp-content\/uploads\/2020\/05\/senderismo-montana-alavesa-04-80x53.jpg 80w, https:\/\/www.arabakomendialdea.eus\/wp-content\/uploads\/2020\/05\/senderismo-montana-alavesa-04-768x512.jpg 768w, https:\/\/www.arabakomendialdea.eus\/wp-content\/uploads\/2020\/05\/senderismo-montana-alavesa-04-705x470.jpg 705w\" sizes=\"auto, (max-width: 1200px) 100vw, 1200px\" \/><a href=\"https:\/\/www.arabakomendialdea.eus\/wp-content\/uploads\/2020\/05\/senderismo-montana-alavesa-04-1030x687.jpg\" data-srcset=\"https:\/\/www.arabakomendialdea.eus\/wp-content\/uploads\/2020\/05\/senderismo-montana-alavesa-04-1030x687.jpg 1030w, https:\/\/www.arabakomendialdea.eus\/wp-content\/uploads\/2020\/05\/senderismo-montana-alavesa-04-300x200.jpg 300w, https:\/\/www.arabakomendialdea.eus\/wp-content\/uploads\/2020\/05\/senderismo-montana-alavesa-04-80x53.jpg 80w, https:\/\/www.arabakomendialdea.eus\/wp-content\/uploads\/2020\/05\/senderismo-montana-alavesa-04-768x512.jpg 768w, https:\/\/www.arabakomendialdea.eus\/wp-content\/uploads\/2020\/05\/senderismo-montana-alavesa-04-705x470.jpg 705w, https:\/\/www.arabakomendialdea.eus\/wp-content\/uploads\/2020\/05\/senderismo-montana-alavesa-04.jpg 1200w\" data-sizes=\"(max-width: 1030px) 100vw, 1030px\" class='av-horizontal-gallery-link avia-svg-icon avia-font-svg_entypo-fontello' data-av_svg_icon='resize-full' data-av_iconset='svg_entypo-fontello' title='Senderismo y monta\u00f1ismo en Monta\u00f1a Alavesa' alt='Senderismo y monta\u00f1ismo en Monta\u00f1a Alavesa' aria-label='Open image in lightbox: Senderismo y monta\u00f1ismo en Monta\u00f1a Alavesa'><svg version=\"1.1\" xmlns=\"http:\/\/www.w3.org\/2000\/svg\" width=\"25\" height=\"32\" viewBox=\"0 0 25 32\" preserveAspectRatio=\"xMidYMid meet\" aria-labelledby='av-svg-title-4' aria-describedby='av-svg-desc-4' role=\"graphics-symbol\" aria-hidden=\"true\">\n<title id='av-svg-title-4'>Open image in lightbox: Senderismo y monta\u00f1ismo en Monta\u00f1a Alavesa<\/title>\n<desc id='av-svg-desc-4'>Open image in lightbox: Senderismo y monta\u00f1ismo en Monta\u00f1a Alavesa<\/desc>\n<path d=\"M15.232 3.328h10.112v10.112l-3.2-3.968-4.672 4.864-3.2-3.2 4.864-4.672zM7.872 17.536l3.2 3.2-4.864 4.672 3.904 3.2h-10.112v-10.112l3.2 3.904z\"><\/path>\n<\/svg><\/a><\/div><div class=\"av-horizontal-gallery-wrap noHover\"><img decoding=\"async\" loading=\"lazy\" class='wp-image-6926 avia-img-lazy-loading-6926 av-horizontal-gallery-img' width=\"1200\" height=\"800\" src=\"https:\/\/www.arabakomendialdea.eus\/wp-content\/uploads\/2020\/05\/senderismo-montana-alavesa-05.jpg\" title='Senderismo y monta\u00f1ismo en Monta\u00f1a Alavesa' alt='Senderismo y monta\u00f1ismo en Monta\u00f1a Alavesa' srcset=\"https:\/\/www.arabakomendialdea.eus\/wp-content\/uploads\/2020\/05\/senderismo-montana-alavesa-05.jpg 1200w, https:\/\/www.arabakomendialdea.eus\/wp-content\/uploads\/2020\/05\/senderismo-montana-alavesa-05-300x200.jpg 300w, https:\/\/www.arabakomendialdea.eus\/wp-content\/uploads\/2020\/05\/senderismo-montana-alavesa-05-1030x687.jpg 1030w, https:\/\/www.arabakomendialdea.eus\/wp-content\/uploads\/2020\/05\/senderismo-montana-alavesa-05-80x53.jpg 80w, https:\/\/www.arabakomendialdea.eus\/wp-content\/uploads\/2020\/05\/senderismo-montana-alavesa-05-768x512.jpg 768w, https:\/\/www.arabakomendialdea.eus\/wp-content\/uploads\/2020\/05\/senderismo-montana-alavesa-05-705x470.jpg 705w\" sizes=\"auto, (max-width: 1200px) 100vw, 1200px\" \/><a href=\"https:\/\/www.arabakomendialdea.eus\/wp-content\/uploads\/2020\/05\/senderismo-montana-alavesa-05-1030x687.jpg\" data-srcset=\"https:\/\/www.arabakomendialdea.eus\/wp-content\/uploads\/2020\/05\/senderismo-montana-alavesa-05-1030x687.jpg 1030w, https:\/\/www.arabakomendialdea.eus\/wp-content\/uploads\/2020\/05\/senderismo-montana-alavesa-05-300x200.jpg 300w, https:\/\/www.arabakomendialdea.eus\/wp-content\/uploads\/2020\/05\/senderismo-montana-alavesa-05-80x53.jpg 80w, https:\/\/www.arabakomendialdea.eus\/wp-content\/uploads\/2020\/05\/senderismo-montana-alavesa-05-768x512.jpg 768w, https:\/\/www.arabakomendialdea.eus\/wp-content\/uploads\/2020\/05\/senderismo-montana-alavesa-05-705x470.jpg 705w, https:\/\/www.arabakomendialdea.eus\/wp-content\/uploads\/2020\/05\/senderismo-montana-alavesa-05.jpg 1200w\" data-sizes=\"(max-width: 1030px) 100vw, 1030px\" class='av-horizontal-gallery-link avia-svg-icon avia-font-svg_entypo-fontello' data-av_svg_icon='resize-full' data-av_iconset='svg_entypo-fontello' title='Senderismo y monta\u00f1ismo en Monta\u00f1a Alavesa' alt='Senderismo y monta\u00f1ismo en Monta\u00f1a Alavesa' aria-label='Open image in lightbox: Senderismo y monta\u00f1ismo en Monta\u00f1a Alavesa'><svg version=\"1.1\" xmlns=\"http:\/\/www.w3.org\/2000\/svg\" width=\"25\" height=\"32\" viewBox=\"0 0 25 32\" preserveAspectRatio=\"xMidYMid meet\" aria-labelledby='av-svg-title-5' aria-describedby='av-svg-desc-5' role=\"graphics-symbol\" aria-hidden=\"true\">\n<title id='av-svg-title-5'>Open image in lightbox: Senderismo y monta\u00f1ismo en Monta\u00f1a Alavesa<\/title>\n<desc id='av-svg-desc-5'>Open image in lightbox: Senderismo y monta\u00f1ismo en Monta\u00f1a Alavesa<\/desc>\n<path d=\"M15.232 3.328h10.112v10.112l-3.2-3.968-4.672 4.864-3.2-3.2 4.864-4.672zM7.872 17.536l3.2 3.2-4.864 4.672 3.904 3.2h-10.112v-10.112l3.2 3.904z\"><\/path>\n<\/svg><\/a><\/div><div class=\"av-horizontal-gallery-wrap noHover\"><img decoding=\"async\" loading=\"lazy\" class='wp-image-6927 avia-img-lazy-loading-6927 av-horizontal-gallery-img' width=\"1200\" height=\"675\" src=\"https:\/\/www.arabakomendialdea.eus\/wp-content\/uploads\/2020\/05\/senderismo-montana-alavesa-06.jpg\" title='Senderismo y Nordic Walking en Monta\u00f1a Alavesa' alt='Senderismo y Nordic Walking en Monta\u00f1a Alavesa' srcset=\"https:\/\/www.arabakomendialdea.eus\/wp-content\/uploads\/2020\/05\/senderismo-montana-alavesa-06.jpg 1200w, https:\/\/www.arabakomendialdea.eus\/wp-content\/uploads\/2020\/05\/senderismo-montana-alavesa-06-300x169.jpg 300w, https:\/\/www.arabakomendialdea.eus\/wp-content\/uploads\/2020\/05\/senderismo-montana-alavesa-06-1030x579.jpg 1030w, https:\/\/www.arabakomendialdea.eus\/wp-content\/uploads\/2020\/05\/senderismo-montana-alavesa-06-80x45.jpg 80w, https:\/\/www.arabakomendialdea.eus\/wp-content\/uploads\/2020\/05\/senderismo-montana-alavesa-06-768x432.jpg 768w, https:\/\/www.arabakomendialdea.eus\/wp-content\/uploads\/2020\/05\/senderismo-montana-alavesa-06-705x397.jpg 705w\" sizes=\"auto, (max-width: 1200px) 100vw, 1200px\" \/><a href=\"https:\/\/www.arabakomendialdea.eus\/wp-content\/uploads\/2020\/05\/senderismo-montana-alavesa-06-1030x579.jpg\" data-srcset=\"https:\/\/www.arabakomendialdea.eus\/wp-content\/uploads\/2020\/05\/senderismo-montana-alavesa-06-1030x579.jpg 1030w, https:\/\/www.arabakomendialdea.eus\/wp-content\/uploads\/2020\/05\/senderismo-montana-alavesa-06-300x169.jpg 300w, https:\/\/www.arabakomendialdea.eus\/wp-content\/uploads\/2020\/05\/senderismo-montana-alavesa-06-80x45.jpg 80w, https:\/\/www.arabakomendialdea.eus\/wp-content\/uploads\/2020\/05\/senderismo-montana-alavesa-06-768x432.jpg 768w, https:\/\/www.arabakomendialdea.eus\/wp-content\/uploads\/2020\/05\/senderismo-montana-alavesa-06-705x397.jpg 705w, https:\/\/www.arabakomendialdea.eus\/wp-content\/uploads\/2020\/05\/senderismo-montana-alavesa-06.jpg 1200w\" data-sizes=\"(max-width: 1030px) 100vw, 1030px\" class='av-horizontal-gallery-link avia-svg-icon avia-font-svg_entypo-fontello' data-av_svg_icon='resize-full' data-av_iconset='svg_entypo-fontello' title='Senderismo y Nordic Walking en Monta\u00f1a Alavesa' alt='Senderismo y Nordic Walking en Monta\u00f1a Alavesa' aria-label='Open image in lightbox: Senderismo y Nordic Walking en Monta\u00f1a Alavesa'><svg version=\"1.1\" xmlns=\"http:\/\/www.w3.org\/2000\/svg\" width=\"25\" height=\"32\" viewBox=\"0 0 25 32\" preserveAspectRatio=\"xMidYMid meet\" aria-labelledby='av-svg-title-6' aria-describedby='av-svg-desc-6' role=\"graphics-symbol\" aria-hidden=\"true\">\n<title id='av-svg-title-6'>Open image in lightbox: Senderismo y Nordic Walking en Monta\u00f1a Alavesa<\/title>\n<desc id='av-svg-desc-6'>Open image in lightbox: Senderismo y Nordic Walking en Monta\u00f1a Alavesa<\/desc>\n<path d=\"M15.232 3.328h10.112v10.112l-3.2-3.968-4.672 4.864-3.2-3.2 4.864-4.672zM7.872 17.536l3.2 3.2-4.864 4.672 3.904 3.2h-10.112v-10.112l3.2 3.904z\"><\/path>\n<\/svg><\/a><\/div><div class=\"av-horizontal-gallery-wrap noHover\"><img decoding=\"async\" loading=\"lazy\" class='wp-image-6852 avia-img-lazy-loading-6852 av-horizontal-gallery-img' width=\"1200\" height=\"800\" src=\"https:\/\/www.arabakomendialdea.eus\/wp-content\/uploads\/2020\/05\/senderismo-montana-alavesa-01.jpg\" title='Paisaje en Monta\u00f1a Alavesa' alt='Paisaje en Monta\u00f1a Alavesa' srcset=\"https:\/\/www.arabakomendialdea.eus\/wp-content\/uploads\/2020\/05\/senderismo-montana-alavesa-01.jpg 1200w, https:\/\/www.arabakomendialdea.eus\/wp-content\/uploads\/2020\/05\/senderismo-montana-alavesa-01-300x200.jpg 300w, https:\/\/www.arabakomendialdea.eus\/wp-content\/uploads\/2020\/05\/senderismo-montana-alavesa-01-1030x687.jpg 1030w, https:\/\/www.arabakomendialdea.eus\/wp-content\/uploads\/2020\/05\/senderismo-montana-alavesa-01-80x53.jpg 80w, https:\/\/www.arabakomendialdea.eus\/wp-content\/uploads\/2020\/05\/senderismo-montana-alavesa-01-768x512.jpg 768w, https:\/\/www.arabakomendialdea.eus\/wp-content\/uploads\/2020\/05\/senderismo-montana-alavesa-01-705x470.jpg 705w\" sizes=\"auto, (max-width: 1200px) 100vw, 1200px\" \/><a href=\"https:\/\/www.arabakomendialdea.eus\/wp-content\/uploads\/2020\/05\/senderismo-montana-alavesa-01-1030x687.jpg\" data-srcset=\"https:\/\/www.arabakomendialdea.eus\/wp-content\/uploads\/2020\/05\/senderismo-montana-alavesa-01-1030x687.jpg 1030w, https:\/\/www.arabakomendialdea.eus\/wp-content\/uploads\/2020\/05\/senderismo-montana-alavesa-01-300x200.jpg 300w, https:\/\/www.arabakomendialdea.eus\/wp-content\/uploads\/2020\/05\/senderismo-montana-alavesa-01-80x53.jpg 80w, https:\/\/www.arabakomendialdea.eus\/wp-content\/uploads\/2020\/05\/senderismo-montana-alavesa-01-768x512.jpg 768w, https:\/\/www.arabakomendialdea.eus\/wp-content\/uploads\/2020\/05\/senderismo-montana-alavesa-01-705x470.jpg 705w, https:\/\/www.arabakomendialdea.eus\/wp-content\/uploads\/2020\/05\/senderismo-montana-alavesa-01.jpg 1200w\" data-sizes=\"(max-width: 1030px) 100vw, 1030px\" class='av-horizontal-gallery-link avia-svg-icon avia-font-svg_entypo-fontello' data-av_svg_icon='resize-full' data-av_iconset='svg_entypo-fontello' title='Paisaje en Monta\u00f1a Alavesa' alt='Paisaje en Monta\u00f1a Alavesa' aria-label='Open image in lightbox: Paisaje en Monta\u00f1a Alavesa'><svg version=\"1.1\" xmlns=\"http:\/\/www.w3.org\/2000\/svg\" width=\"25\" height=\"32\" viewBox=\"0 0 25 32\" preserveAspectRatio=\"xMidYMid meet\" aria-labelledby='av-svg-title-7' aria-describedby='av-svg-desc-7' role=\"graphics-symbol\" aria-hidden=\"true\">\n<title id='av-svg-title-7'>Open image in lightbox: Paisaje en Monta\u00f1a Alavesa<\/title>\n<desc id='av-svg-desc-7'>Open image in lightbox: Paisaje en Monta\u00f1a Alavesa<\/desc>\n<path d=\"M15.232 3.328h10.112v10.112l-3.2-3.968-4.672 4.864-3.2-3.2 4.864-4.672zM7.872 17.536l3.2 3.2-4.864 4.672 3.904 3.2h-10.112v-10.112l3.2 3.904z\"><\/path>\n<\/svg><\/a><\/div><\/div><\/div><\/div>\n<div id='av_section_1'  class='avia-section av-4qhiio-7d66fd5e7f150f6ad6f75b8616215d07 main_color avia-section-large avia-no-border-styling  avia-builder-el-1  el_after_av_horizontal_gallery  el_before_av_heading  avia-bg-style-scroll container_wrap fullsize'  ><div class='container av-section-cont-open' ><div class='template-page content  av-content-full alpha units'><div class='post-entry post-entry-type-page post-entry-6851'><div class='entry-content-wrapper clearfix'>\n<div class='flex_column_table av-4c2lyo-240afb3764f602a518acf9f4760e2bea sc-av_two_third av-equal-height-column-flextable'>\n<style type=\"text\/css\" data-created_by=\"avia_inline_auto\" id=\"style-css-av-4c2lyo-240afb3764f602a518acf9f4760e2bea\">\n.flex_column.av-4c2lyo-240afb3764f602a518acf9f4760e2bea{\nborder-radius:0px 0px 0px 0px;\n}\n<\/style>\n<div  class='flex_column av-4c2lyo-240afb3764f602a518acf9f4760e2bea av_two_third  avia-builder-el-2  el_before_av_one_third  avia-builder-el-first  first flex_column_table_cell av-equal-height-column av-align-middle  '     ><p>\n<style type=\"text\/css\" data-created_by=\"avia_inline_auto\" id=\"style-css-av-39ajgj-19647d5c360d2b3b8094f54cf1272eec\">\n#top .av-special-heading.av-39ajgj-19647d5c360d2b3b8094f54cf1272eec{\npadding-bottom:10px;\nfont-size:42px;\n}\nbody .av-special-heading.av-39ajgj-19647d5c360d2b3b8094f54cf1272eec .av-special-heading-tag .heading-char{\nfont-size:25px;\n}\n#top #wrap_all .av-special-heading.av-39ajgj-19647d5c360d2b3b8094f54cf1272eec .av-special-heading-tag{\nfont-size:42px;\n}\n.av-special-heading.av-39ajgj-19647d5c360d2b3b8094f54cf1272eec .av-subheading{\nfont-size:15px;\n}\n\n@media only screen and (min-width: 480px) and (max-width: 767px){ \n#top #wrap_all .av-special-heading.av-39ajgj-19647d5c360d2b3b8094f54cf1272eec .av-special-heading-tag{\nfont-size:0.8em;\n}\n}\n\n@media only screen and (max-width: 479px){ \n#top #wrap_all .av-special-heading.av-39ajgj-19647d5c360d2b3b8094f54cf1272eec .av-special-heading-tag{\nfont-size:0.8em;\n}\n}\n<\/style>\n<div  class='av-special-heading av-39ajgj-19647d5c360d2b3b8094f54cf1272eec av-special-heading-h2 blockquote modern-quote  avia-builder-el-3  el_before_av_textblock  avia-builder-el-first  av-inherit-size'><h2 class='av-special-heading-tag '  itemprop=\"headline\"  >Randonn\u00e9es en Monta\u00f1a Alavesa<\/h2><div class=\"special-heading-border\"><div class=\"special-heading-inner-border\"><\/div><\/div><\/div><br \/>\n\n<style type=\"text\/css\" data-created_by=\"avia_inline_auto\" id=\"style-css-av-kadm0fx9-fba2aa25244dda8d13a188b6780c297b\">\n#top .av_textblock_section.av-kadm0fx9-fba2aa25244dda8d13a188b6780c297b .avia_textblock{\nfont-size:16px;\n}\n<\/style>\n<section  class='av_textblock_section av-kadm0fx9-fba2aa25244dda8d13a188b6780c297b '   itemscope=\"itemscope\" itemtype=\"https:\/\/schema.org\/CreativeWork\" ><div class='avia_textblock'  itemprop=\"text\" ><p>Nous vous invitons \u00e0 d\u00e9couvrir les itin\u00e9raires balis\u00e9s. Ces itin\u00e9raires balis\u00e9s au sol comportent des marquages qui indiquent la voie \u00e0 suivre. Ils sont regroup\u00e9s par types et communes par lesquels ils passent.<\/p>\n<p>La Cuadrilla dispose de brochures et de publications pouvant \u00eatre t\u00e9l\u00e9charg\u00e9es au format PDF, et d\u2019un site Web pr\u00e9sentant des donn\u00e9es techniques, des trac\u00e9s, des profils d\u2019itin\u00e9raire, etc., ainsi que toutes les informations n\u00e9cessaires concernant l\u2019ensemble des itin\u00e9raires et sentiers de Monta\u00f1a Alavesa.<\/p>\n<\/div><\/section><\/p><\/div><div class='av-flex-placeholder'><\/div>\n<style type=\"text\/css\" data-created_by=\"avia_inline_auto\" id=\"style-css-av-40o5qb-cacb9f242a6e5d5b057b3a632c8111dc\">\n.flex_column.av-40o5qb-cacb9f242a6e5d5b057b3a632c8111dc{\nborder-radius:0px 0px 0px 0px;\npadding:0px 0px 0px 0px;\n}\n<\/style>\n<div  class='flex_column av-40o5qb-cacb9f242a6e5d5b057b3a632c8111dc av_one_third  avia-builder-el-5  el_after_av_two_third  avia-builder-el-last  flex_column_table_cell av-equal-height-column av-align-middle av-zero-column-padding  '     ><div  class='avia-button-wrap avia-button-center  avia-builder-el-6  avia-builder-el-no-sibling '>\n<style type=\"text\/css\" data-created_by=\"avia_inline_auto\" id=\"style-css-av-2ogovn-29eb23a9888684d05c3e4664848fc685\">\n#top #wrap_all .avia-button.av-2ogovn-29eb23a9888684d05c3e4664848fc685{\nbackground-color:#bc1b21;\nborder-color:#bc1b21;\ntransition:all 0.4s ease-in-out;\n}\n#top #wrap_all .avia-button.av-2ogovn-29eb23a9888684d05c3e4664848fc685:hover{\ncolor:white;\ntransition:all 0.4s ease-in-out;\n}\n#top #wrap_all .avia-button.av-2ogovn-29eb23a9888684d05c3e4664848fc685:hover .avia-svg-icon svg:first-child{\nfill:white;\nstroke:white;\n}\n<\/style>\n<a href='https:\/\/rutas.arabakomendialdea.eus\/' class='avia-font-color-theme-color avia-button avia-button-fullwidth av-2ogovn-29eb23a9888684d05c3e4664848fc685 avia-icon_select-no avia-color-custom'  target=\"_blank\"  rel=\"noopener noreferrer\"  aria-label=\"Itin\u00e9raires Web d\u2019Arabako Mendialdea\"><span class='avia_iconbox_title' >Itin\u00e9raires Web d\u2019Arabako Mendialdea<\/span><div class='av-button-description av-button-description-below'><p>rutas.arabakomendialdea.eus<\/p>\n<\/div><span class='avia_button_background avia-button avia-button-fullwidth avia-color-theme-color-highlight'><\/span><\/a><\/div><\/div><\/div><!--close column table wrapper. Autoclose: 1 --><\/div><\/div><\/div><!-- close content main div --><\/div><\/div><div id='after_section_1'  class='main_color av_default_container_wrap container_wrap fullsize'  ><div class='container av-section-cont-open' ><div class='template-page content  av-content-full alpha units'><div class='post-entry post-entry-type-page post-entry-6851'><div class='entry-content-wrapper clearfix'>\n<style type=\"text\/css\" data-created_by=\"avia_inline_auto\" id=\"style-css-av-lqqguppw-6b6df0914699e085049c231746aea8f4\">\n#top .av-special-heading.av-lqqguppw-6b6df0914699e085049c231746aea8f4{\nmargin:0px 0px 0px 0px;\npadding-bottom:0px;\nfont-size:42px;\n}\nbody .av-special-heading.av-lqqguppw-6b6df0914699e085049c231746aea8f4 .av-special-heading-tag .heading-char{\nfont-size:25px;\n}\n#top #wrap_all .av-special-heading.av-lqqguppw-6b6df0914699e085049c231746aea8f4 .av-special-heading-tag{\nfont-size:42px;\npadding:0px 0px 0px 0px;\n}\n.av-special-heading.av-lqqguppw-6b6df0914699e085049c231746aea8f4 .av-subheading{\nfont-size:15px;\n}\n\n@media only screen and (min-width: 480px) and (max-width: 767px){ \n#top #wrap_all .av-special-heading.av-lqqguppw-6b6df0914699e085049c231746aea8f4 .av-special-heading-tag{\nfont-size:0.8em;\n}\n}\n\n@media only screen and (max-width: 479px){ \n#top #wrap_all .av-special-heading.av-lqqguppw-6b6df0914699e085049c231746aea8f4 .av-special-heading-tag{\nfont-size:0.8em;\n}\n}\n<\/style>\n<div  class='av-special-heading av-lqqguppw-6b6df0914699e085049c231746aea8f4 av-special-heading-h3 blockquote modern-quote  avia-builder-el-7  el_after_av_section  el_before_av_postcontent  avia-builder-el-no-sibling  av-inherit-size'><h3 class='av-special-heading-tag '  itemprop=\"headline\"  >Cartes, guides et ressources utiles:<\/h3><div class=\"special-heading-border\"><div class=\"special-heading-inner-border\"><\/div><\/div><\/div><\/p>\n[av_section min_height='' min_height_pc='25' min_height_px='500px' padding='default' custom_margin='0px' custom_margin_sync='true' color='main_color' background='bg_color' custom_bg='' background_gradient_color1='' background_gradient_color2='' background_gradient_direction='vertical' src='' attachment='' attachment_size='' attach='scroll' position='top left' repeat='no-repeat' video='' video_ratio='16:9' overlay_opacity='0.5' overlay_color='' overlay_pattern='' overlay_custom_pattern='' shadow='no-border-styling' bottom_border='no-border-styling' bottom_border_diagonal_color='#333333' bottom_border_diagonal_direction='' bottom_border_style='' custom_arrow_bg='' id='folletos' custom_class='' aria_label='' av_element_hidden_in_editor='0' av_uid='av-2xz73q']\r\n\r\n[av_masonry_gallery ids='30036,6511,6515,6517,6519,6521,6523,6525,15948' caption_elements='excerpt' caption_styling='' caption_display='always' img_copyright='' size='flex' orientation='' image_size='masonry' gap='large' columns='4' av-desktop-columns='' av-medium-columns='' av-small-columns='' av-mini-columns='' items='24' paginate='none' color='' custom_bg='' img_copyright_font='' av-desktop-font-img_copyright_font='' av-medium-font-img_copyright_font='' av-small-font-img_copyright_font='' av-mini-font-img_copyright_font='' img_copyright_color='' img_copyright_bg='' animation='active' animation_duration='' animation_custom_bg_color='' animation_custom_bg_color_multi_list='' animation_z_index_curtain='100' overlay_fx='fade_out' container_links='' link_dest='_blank' lightbox_text='' img_scrset='' lazy_loading='disabled' alb_description='' id='' custom_class='' template_class='' av_uid='av-kamosgg1' sc_version='1.0']\r\n\r\n[\/av_section][av_section min_height='' min_height_pc='25' min_height_px='500px' padding='default' custom_margin='0px' custom_margin_sync='true' color='main_color' background='bg_color' custom_bg='#f2f2f2' background_gradient_color1='' background_gradient_color2='' background_gradient_direction='vertical' src='' attachment='' attachment_size='' attach='scroll' position='top left' repeat='no-repeat' video='' video_ratio='16:9' overlay_opacity='0.5' overlay_color='' overlay_pattern='' overlay_custom_pattern='' shadow='no-shadow' bottom_border='no-border-styling' bottom_border_diagonal_color='#333333' bottom_border_diagonal_direction='' bottom_border_style='' custom_arrow_bg='' id='mapaturistico' custom_class='' aria_label='' av_element_hidden_in_editor='0' av_uid='av-k93yg5js']\r\n[av_one_half first min_height='' vertical_alignment='' space='' row_boxshadow='' row_boxshadow_color='' row_boxshadow_width='10' custom_margin='' margin='0px' mobile_breaking='' border='' border_color='' radius='0px' padding='0px' column_boxshadow='' column_boxshadow_color='' column_boxshadow_width='10' background='bg_color' background_color='' background_gradient_color1='' background_gradient_color2='' background_gradient_direction='vertical' src='' background_position='top left' background_repeat='no-repeat' highlight='' highlight_size='' animation='' link='' linktarget='' link_hover='' title_attr='' alt_attr='' mobile_display='' id='' custom_class='' aria_label='' av_uid='av-1vtydi']\r\n\r\n[av_textblock size='' av-medium-font-size='' av-small-font-size='' av-mini-font-size='' font_color='' color='' id='' custom_class='' av_uid='av-2p0e' admin_preview_bg='']\r\n\r\n<article class=\" color9\">\r\n<h2>Emplacement<\/h2>\r\nLa Comarca de Monta\u00f1a Alavesa, situ\u00e9e au <strong>sud-est de la province d\u2019Alava<\/strong>, est constitu\u00e9e des communes d\u2019<strong>Arraia-Maeztu, Bernedo, Campezo, Lagr\u00e1n, Pe\u00f1acerrada et Valle de Arana<\/strong>, compos\u00e9es, en tout, de 47 noyaux urbains. Elle est limitrophe, \u00e0 l\u2019ext\u00e9rieur d\u2019Alava, avec la Navarre et le comt\u00e9 de Trevi\u00f1o et au sein m\u00eame d\u2019Alava, avec les Cuadrillas de la Rioja au sud, A\u00f1ana \u00e0 l\u2019ouest et Vitoria et Salvatierra au nord.\r\n\r\nLa Cuadrilla de Campezo-Monta\u00f1a Alavesa regroupe 6 communes : Arraia-Maeztu, Bernedo, Campezo, Valle de Arana, Lagr\u00e1n et Pe\u00f1acerrada, compos\u00e9es, en tout, de 47 noyaux urbains.\r\n\r\nSa superficie territoriale totale s\u2019\u00e9tale sur environ 485,30 km2 avec une configuration tr\u00e8s escarp\u00e9e, la majeure partie \u00e9tant situ\u00e9e au-dessus de <strong>600 m d\u2019altitude<\/strong>.\r\n\r\nDepuis la capitale d\u2019Alava, Vitoria-Gasteiz, vous pouvez rejoindre la Monta\u00f1a Alavesa via les <strong>ports de<\/strong> <strong>Vitoria<\/strong> (A-2124), <strong>Az\u00e1ceta<\/strong> (A-132) et <strong>Opacua<\/strong> (A-2128), selon la zone sp\u00e9cifique par laquelle vous souhaitez y acc\u00e9der.\r\n\r\n<\/article>[\/av_textblock]\r\n\r\n[\/av_one_half][av_one_half min_height='' vertical_alignment='av-align-top' space='' row_boxshadow_color='' row_boxshadow_width='10' margin='0px' margin_sync='true' mobile_breaking='' border='' border_color='' radius='0px' radius_sync='true' padding='20px' padding_sync='true' column_boxshadow_color='' column_boxshadow_width='10' background='bg_color' background_color='#ffffff' background_gradient_color1='' background_gradient_color2='' background_gradient_direction='vertical' src='' attachment='' attachment_size='' background_position='top left' background_repeat='no-repeat' highlight_size='1.1' animation='' link='' linktarget='' link_hover='' title_attr='' alt_attr='' mobile_display='' id='' custom_class='' aria_label='' av_uid='av-l3n3q']\r\n\r\n[av_heading heading='Carte touristique' tag='h2' style='blockquote modern-quote' subheading_active='subheading_below' size='' av-medium-font-size-title='' av-small-font-size-title='' av-mini-font-size-title='' subheading_size='' av-medium-font-size='' av-small-font-size='' av-mini-font-size='' color='' custom_font='' margin='' margin_sync='true' padding='10' link='' link_target='' id='' custom_class='' av_uid='av-kebcmfsm' admin_preview_bg='']\r\nPour afficher la carte au format PDF, cliquez sur l\u2019image\r\n\r\n[\/av_heading]\r\n\r\n[av_image src='https:\/\/www.arabakomendialdea.eus\/wp-content\/uploads\/2020\/04\/mapa-turistico-de-la-arabako-mendialdea-montana-alavesa.jpg' attachment='98' attachment_size='full' copyright='' caption='' styling='' align='center' font_size='' overlay_opacity='0.4' overlay_color='#000000' overlay_text_color='#ffffff' animation='no-animation' hover='av-hover-grow' appearance='' link='manually,https:\/\/www.arabakomendialdea.eus\/wp-content\/uploads\/2020\/05\/mapa-arabako-mendialdea-2020.pdf' target='_blank' title_attr='' alt_attr='' id='' custom_class='' av_element_hidden_in_editor='0' av_uid='av-k97awdfy' admin_preview_bg=''][\/av_image]\r\n\r\n[\/av_one_half]\r\n[\/av_section]\r\n\r\n[av_section min_height='' min_height_pc='25' min_height_px='500px' padding='default' custom_margin='0px' custom_margin_sync='true' color='main_color' background='bg_color' custom_bg='' background_gradient_color1='' background_gradient_color2='' background_gradient_direction='vertical' src='' attachment='' attachment_size='' attach='scroll' position='top left' repeat='no-repeat' video='' video_ratio='16:9' overlay_opacity='0.5' overlay_color='' overlay_pattern='' overlay_custom_pattern='' shadow='no-shadow' bottom_border='no-border-styling' bottom_border_diagonal_color='#333333' bottom_border_diagonal_direction='' bottom_border_style='' custom_arrow_bg='' id='mapaturistico' custom_class='' aria_label='' av_element_hidden_in_editor='0' av_uid='av-k93yg5js']\r\n[av_one_full first min_height='' vertical_alignment='' space='' row_boxshadow='' row_boxshadow_color='' row_boxshadow_width='10' custom_margin='' margin='0px' mobile_breaking='' border='' border_color='' radius='0px' padding='0px' column_boxshadow='' column_boxshadow_color='' column_boxshadow_width='10' background='bg_color' background_color='' background_gradient_color1='' background_gradient_color2='' background_gradient_direction='vertical' src='' background_position='top left' background_repeat='no-repeat' highlight='' highlight_size='' animation='' link='' linktarget='' link_hover='' title_attr='' alt_attr='' mobile_display='' id='' custom_class='' aria_label='' av_uid='av-1vtydi']\r\n\r\n[av_codeblock wrapper_element='' wrapper_element_attributes='' codeblock_type='' alb_description='' id='' custom_class='' av_uid='av-k97a4cpn']\r\n<iframe loading=\"lazy\" src=\"https:\/\/www.geo.euskadi.eus\/s69-bisorea\/es\/x72aGeoeuskadiWAR\/index.jsp?extent=-311591.4439,5253623.5843,-238211.8967,5293217.9649,102100&amp;layers=LIMITES_CAS_8703_9,LIMITES_CAS_8703_10,LIMITES_CAS_8703_10,LIMITES_CAS_8703_10,LIMITES_CAS_8703_10,LIMITES_CAS_8703_10,LIMITES_CAS_8703_10\" width=\"1080\" height=\"720\" frameborder=\"0\" scrolling=\"no\" allowfullscreen=\"allowfullscreen\"><\/iframe>\r\n[\/av_codeblock]\r\n\r\n[\/av_one_full]\r\n[\/av_section]\r\n\r\n[av_section min_height='' min_height_pc='25' min_height_px='500px' padding='default' custom_margin='0px' custom_margin_sync='true' color='main_color' background='bg_color' custom_bg='' background_gradient_color1='' background_gradient_color2='' background_gradient_direction='vertical' src='' attachment='' attachment_size='' attach='scroll' position='top left' repeat='no-repeat' video='' video_ratio='16:9' overlay_opacity='0.5' overlay_color='' overlay_pattern='' overlay_custom_pattern='' shadow='no-shadow' bottom_border='no-border-styling' bottom_border_diagonal_color='#333333' bottom_border_diagonal_direction='' bottom_border_style='' custom_arrow_bg='' id='mapaturistico' custom_class='' aria_label='' av_element_hidden_in_editor='0' av_uid='av-k93yg5js']\r\n[av_heading heading='Liens utiles' tag='h2' style='' subheading_active='' size='' av-medium-font-size-title='' av-small-font-size-title='' av-mini-font-size-title='' subheading_size='' av-medium-font-size='' av-small-font-size='' av-mini-font-size='' color='' custom_font='' margin='' margin_sync='true' padding='10' link='' link_target='' id='' custom_class='' av_uid='av-kebcolmu' admin_preview_bg=''][\/av_heading]\r\n\r\n[av_one_third first min_height='' vertical_alignment='' space='' row_boxshadow='' row_boxshadow_color='' row_boxshadow_width='10' custom_margin='' margin='0px' mobile_breaking='' border='' border_color='' radius='0px' padding='0px' column_boxshadow='' column_boxshadow_color='' column_boxshadow_width='10' background='bg_color' background_color='' background_gradient_color1='' background_gradient_color2='' background_gradient_direction='vertical' src='' background_position='top left' background_repeat='no-repeat' highlight='' highlight_size='' animation='' link='' linktarget='' link_hover='' title_attr='' alt_attr='' mobile_display='' id='' custom_class='' aria_label='' av_uid='av-687o4m']\r\n\r\n[av_textblock size='' av-medium-font-size='' av-small-font-size='' av-mini-font-size='' font_color='' color='' id='' custom_class='' av_uid='av-kamrk5z3' admin_preview_bg='']\r\n<h3>Tourisme<\/h3>\r\n<ul>\r\n \t<li><a href=\"https:\/\/alavaturismo.eus\/fr\/\" target=\"_blank\" rel=\"noopener\">Tourisme \u00e0 Alava<\/a><\/li>\r\n \t<li><a href=\"https:\/\/www.vitoria-gasteiz.org\/we001\/was\/we001Action.do?lang=fr&amp;locale=fr&amp;idioma=fr&amp;accion=turismo&amp;accionWe001=ficha\" target=\"_blank\" rel=\"noopener\">Tourisme \u00e0 Vitoria-Gasteiz<\/a><\/li>\r\n \t<li><a href=\"https:\/\/tourisme.euskadi.eus\/fr\/\" target=\"_blank\" rel=\"noopener\">Tourisme en Euskadi<\/a><\/li>\r\n<\/ul>\r\n[\/av_textblock]\r\n\r\n[\/av_one_third][av_one_third min_height='' vertical_alignment='' space='' row_boxshadow='' row_boxshadow_color='' row_boxshadow_width='10' custom_margin='' margin='0px' mobile_breaking='' border='' border_color='' radius='0px' padding='0px' column_boxshadow='' column_boxshadow_color='' column_boxshadow_width='10' background='bg_color' background_color='' background_gradient_color1='' background_gradient_color2='' background_gradient_direction='vertical' src='' background_position='top left' background_repeat='no-repeat' highlight='' highlight_size='' animation='' link='' linktarget='' link_hover='' title_attr='' alt_attr='' mobile_display='' id='' custom_class='' aria_label='' av_uid='av-4o8pjq']\r\n\r\n[av_textblock size='' av-medium-font-size='' av-small-font-size='' av-mini-font-size='' font_color='' color='' id='' custom_class='' av_uid='av-kamrk5z3' admin_preview_bg='']\r\n<h3>Mairies<\/h3>\r\n<ul>\r\n \t<li><a href=\"https:\/\/www.arraia-maeztu.org\" target=\"_blank\" rel=\"noopener\">Mairie d\u2019Arraia-Maeztu<\/a><\/li>\r\n \t<li><a href=\"http:\/\/www.bernedo.org\" target=\"_blank\" rel=\"noopener\">Mairie de Bernedo<\/a><\/li>\r\n \t<li><a href=\"http:\/\/www.campezo.eus\" target=\"_blank\" rel=\"noopener\">Mairie de Campezo<\/a><\/li>\r\n \t<li><a href=\"http:\/\/www.valledearana.eus\" target=\"_blank\" rel=\"noopener\">Mairie de Valle de Arana<\/a><\/li>\r\n \t<li><a href=\"http:\/\/www.lagran.org\" target=\"_blank\" rel=\"noopener\">Mairie de Lagran<\/a><\/li>\r\n \t<li><a href=\"http:\/\/www.penacerrada-urizaharra.com\" target=\"_blank\" rel=\"noopener\">\u00a0Mairie de Pe\u00f1acerrada-Urizaharra<\/a><\/li>\r\n<\/ul>\r\n[\/av_textblock]\r\n\r\n[\/av_one_third][av_one_third min_height='' vertical_alignment='' space='' row_boxshadow='' row_boxshadow_color='' row_boxshadow_width='10' custom_margin='' margin='0px' mobile_breaking='' border='' border_color='' radius='0px' padding='0px' column_boxshadow='' column_boxshadow_color='' column_boxshadow_width='10' background='bg_color' background_color='' background_gradient_color1='' background_gradient_color2='' background_gradient_direction='vertical' src='' background_position='top left' background_repeat='no-repeat' highlight='' highlight_size='' animation='' link='' linktarget='' link_hover='' title_attr='' alt_attr='' mobile_display='' id='' custom_class='' aria_label='' av_uid='av-277z6e']\r\n\r\n[av_textblock size='' av-medium-font-size='' av-small-font-size='' av-mini-font-size='' font_color='' color='' id='' custom_class='' av_uid='av-kamrk5z3' admin_preview_bg='']\r\n<h3>Les autres Cuadrillas d\u2019Alava<\/h3>\r\n<ul>\r\n \t<li><a href=\"http:\/\/www.cuadrilladeayala.eus\/\" target=\"_blank\" rel=\"noopener\">Cuadrilla de Ayala<\/a><\/li>\r\n \t<li><a href=\"http:\/\/www.cuadrilladeanana.es\/es\/\" target=\"_blank\" rel=\"noopener\">Cuadrilla de A\u00f1ana<\/a><\/li>\r\n \t<li><a href=\"http:\/\/www.gorbeialdekokuadrilla.eus\/\" target=\"_blank\" rel=\"noopener\">Cuadrilla de Gorbeialdea<\/a><\/li>\r\n \t<li><a href=\"http:\/\/arabakoerrioxa.eus\/es\/\" target=\"_blank\" rel=\"noopener\">Cuadrilla de Laguardia-Rioja Alavesa<\/a><\/li>\r\n \t<li><a href=\"http:\/\/www.arabakolautada.eus\/\" target=\"_blank\" rel=\"noopener\">Cuadrilla de la Llanada Alavesa<\/a><\/li>\r\n<\/ul>\r\n[\/av_textblock]\r\n\r\n[\/av_one_third]\r\n[\/av_section]\r\n\r\n[av_postcontent link='page,6388' av_uid='av-kagwx7kn']\n","protected":false},"excerpt":{"rendered":"","protected":false},"author":1,"featured_media":6853,"comment_status":"closed","ping_status":"closed","template":"","meta":{"footnotes":""},"tags":[],"portfolio_entries":[102,106],"class_list":["post-6851","portfolio","type-portfolio","status-publish","has-post-thumbnail","hentry","portfolio_entries-bons-plans-en-famille","portfolio_entries-se-promener-dans-la-nature"],"yoast_head":"<!-- This site is optimized with the Yoast SEO plugin v26.5 - https:\/\/yoast.com\/wordpress\/plugins\/seo\/ -->\n<title>Randonn\u00e9es - Arabako Mendialdeko Kuadrilla - Cuadrilla Monta\u00f1a Alavesa<\/title>\n<meta name=\"robots\" content=\"index, follow, max-snippet:-1, max-image-preview:large, max-video-preview:-1\" \/>\n<link rel=\"canonical\" href=\"https:\/\/www.arabakomendialdea.eus\/fr\/arabako-mendialdea\/randonnees\/\" \/>\n<meta property=\"og:locale\" content=\"fr_FR\" \/>\n<meta property=\"og:type\" content=\"article\" \/>\n<meta property=\"og:title\" content=\"Randonn\u00e9es - Arabako Mendialdeko Kuadrilla - Cuadrilla Monta\u00f1a Alavesa\" \/>\n<meta property=\"og:url\" content=\"https:\/\/www.arabakomendialdea.eus\/fr\/arabako-mendialdea\/randonnees\/\" \/>\n<meta property=\"og:site_name\" content=\"Arabako Mendialdeko Kuadrilla - Cuadrilla Monta\u00f1a Alavesa\" \/>\n<meta property=\"article:modified_time\" content=\"2023-12-29T10:03:38+00:00\" \/>\n<meta property=\"og:image\" content=\"https:\/\/www.arabakomendialdea.eus\/wp-content\/uploads\/2020\/05\/turismo-act-senderismo-montana-alavesa.jpg\" \/>\n\t<meta property=\"og:image:width\" content=\"600\" \/>\n\t<meta property=\"og:image:height\" content=\"400\" \/>\n\t<meta property=\"og:image:type\" content=\"image\/jpeg\" \/>\n<meta name=\"twitter:card\" content=\"summary_large_image\" \/>\n<meta name=\"twitter:label1\" content=\"Dur\u00e9e de lecture estim\u00e9e\" \/>\n\t<meta name=\"twitter:data1\" content=\"6 minutes\" \/>\n<script type=\"application\/ld+json\" class=\"yoast-schema-graph\">{\"@context\":\"https:\/\/schema.org\",\"@graph\":[{\"@type\":\"WebPage\",\"@id\":\"https:\/\/www.arabakomendialdea.eus\/fr\/arabako-mendialdea\/randonnees\/\",\"url\":\"https:\/\/www.arabakomendialdea.eus\/fr\/arabako-mendialdea\/randonnees\/\",\"name\":\"Randonn\u00e9es - Arabako Mendialdeko Kuadrilla - Cuadrilla Monta\u00f1a Alavesa\",\"isPartOf\":{\"@id\":\"https:\/\/www.arabakomendialdea.eus\/#website\"},\"primaryImageOfPage\":{\"@id\":\"https:\/\/www.arabakomendialdea.eus\/fr\/arabako-mendialdea\/randonnees\/#primaryimage\"},\"image\":{\"@id\":\"https:\/\/www.arabakomendialdea.eus\/fr\/arabako-mendialdea\/randonnees\/#primaryimage\"},\"thumbnailUrl\":\"https:\/\/www.arabakomendialdea.eus\/wp-content\/uploads\/2020\/05\/turismo-act-senderismo-montana-alavesa.jpg\",\"datePublished\":\"2020-05-14T01:00:10+00:00\",\"dateModified\":\"2023-12-29T10:03:38+00:00\",\"breadcrumb\":{\"@id\":\"https:\/\/www.arabakomendialdea.eus\/fr\/arabako-mendialdea\/randonnees\/#breadcrumb\"},\"inLanguage\":\"fr-FR\",\"potentialAction\":[{\"@type\":\"ReadAction\",\"target\":[\"https:\/\/www.arabakomendialdea.eus\/fr\/arabako-mendialdea\/randonnees\/\"]}]},{\"@type\":\"ImageObject\",\"inLanguage\":\"fr-FR\",\"@id\":\"https:\/\/www.arabakomendialdea.eus\/fr\/arabako-mendialdea\/randonnees\/#primaryimage\",\"url\":\"https:\/\/www.arabakomendialdea.eus\/wp-content\/uploads\/2020\/05\/turismo-act-senderismo-montana-alavesa.jpg\",\"contentUrl\":\"https:\/\/www.arabakomendialdea.eus\/wp-content\/uploads\/2020\/05\/turismo-act-senderismo-montana-alavesa.jpg\",\"width\":600,\"height\":400,\"caption\":\"GR38 Senderismo Rutas Monta\u00f1a Alavesa\"},{\"@type\":\"BreadcrumbList\",\"@id\":\"https:\/\/www.arabakomendialdea.eus\/fr\/arabako-mendialdea\/randonnees\/#breadcrumb\",\"itemListElement\":[{\"@type\":\"ListItem\",\"position\":1,\"name\":\"Portada\",\"item\":\"https:\/\/www.arabakomendialdea.eus\/fr\/\"},{\"@type\":\"ListItem\",\"position\":2,\"name\":\"Randonn\u00e9es\"}]},{\"@type\":\"WebSite\",\"@id\":\"https:\/\/www.arabakomendialdea.eus\/#website\",\"url\":\"https:\/\/www.arabakomendialdea.eus\/\",\"name\":\"Arabako Mendialdeko Kuadrilla - Cuadrilla Monta\u00f1a Alavesa\",\"description\":\"\",\"potentialAction\":[{\"@type\":\"SearchAction\",\"target\":{\"@type\":\"EntryPoint\",\"urlTemplate\":\"https:\/\/www.arabakomendialdea.eus\/?s={search_term_string}\"},\"query-input\":{\"@type\":\"PropertyValueSpecification\",\"valueRequired\":true,\"valueName\":\"search_term_string\"}}],\"inLanguage\":\"fr-FR\"}]}<\/script>\n<!-- \/ Yoast SEO plugin. -->","yoast_head_json":{"title":"Randonn\u00e9es - Arabako Mendialdeko Kuadrilla - Cuadrilla Monta\u00f1a Alavesa","robots":{"index":"index","follow":"follow","max-snippet":"max-snippet:-1","max-image-preview":"max-image-preview:large","max-video-preview":"max-video-preview:-1"},"canonical":"https:\/\/www.arabakomendialdea.eus\/fr\/arabako-mendialdea\/randonnees\/","og_locale":"fr_FR","og_type":"article","og_title":"Randonn\u00e9es - Arabako Mendialdeko Kuadrilla - Cuadrilla Monta\u00f1a Alavesa","og_url":"https:\/\/www.arabakomendialdea.eus\/fr\/arabako-mendialdea\/randonnees\/","og_site_name":"Arabako Mendialdeko Kuadrilla - Cuadrilla Monta\u00f1a Alavesa","article_modified_time":"2023-12-29T10:03:38+00:00","og_image":[{"width":600,"height":400,"url":"https:\/\/www.arabakomendialdea.eus\/wp-content\/uploads\/2020\/05\/turismo-act-senderismo-montana-alavesa.jpg","type":"image\/jpeg"}],"twitter_card":"summary_large_image","twitter_misc":{"Dur\u00e9e de lecture estim\u00e9e":"6 minutes"},"schema":{"@context":"https:\/\/schema.org","@graph":[{"@type":"WebPage","@id":"https:\/\/www.arabakomendialdea.eus\/fr\/arabako-mendialdea\/randonnees\/","url":"https:\/\/www.arabakomendialdea.eus\/fr\/arabako-mendialdea\/randonnees\/","name":"Randonn\u00e9es - Arabako Mendialdeko Kuadrilla - Cuadrilla Monta\u00f1a Alavesa","isPartOf":{"@id":"https:\/\/www.arabakomendialdea.eus\/#website"},"primaryImageOfPage":{"@id":"https:\/\/www.arabakomendialdea.eus\/fr\/arabako-mendialdea\/randonnees\/#primaryimage"},"image":{"@id":"https:\/\/www.arabakomendialdea.eus\/fr\/arabako-mendialdea\/randonnees\/#primaryimage"},"thumbnailUrl":"https:\/\/www.arabakomendialdea.eus\/wp-content\/uploads\/2020\/05\/turismo-act-senderismo-montana-alavesa.jpg","datePublished":"2020-05-14T01:00:10+00:00","dateModified":"2023-12-29T10:03:38+00:00","breadcrumb":{"@id":"https:\/\/www.arabakomendialdea.eus\/fr\/arabako-mendialdea\/randonnees\/#breadcrumb"},"inLanguage":"fr-FR","potentialAction":[{"@type":"ReadAction","target":["https:\/\/www.arabakomendialdea.eus\/fr\/arabako-mendialdea\/randonnees\/"]}]},{"@type":"ImageObject","inLanguage":"fr-FR","@id":"https:\/\/www.arabakomendialdea.eus\/fr\/arabako-mendialdea\/randonnees\/#primaryimage","url":"https:\/\/www.arabakomendialdea.eus\/wp-content\/uploads\/2020\/05\/turismo-act-senderismo-montana-alavesa.jpg","contentUrl":"https:\/\/www.arabakomendialdea.eus\/wp-content\/uploads\/2020\/05\/turismo-act-senderismo-montana-alavesa.jpg","width":600,"height":400,"caption":"GR38 Senderismo Rutas Monta\u00f1a Alavesa"},{"@type":"BreadcrumbList","@id":"https:\/\/www.arabakomendialdea.eus\/fr\/arabako-mendialdea\/randonnees\/#breadcrumb","itemListElement":[{"@type":"ListItem","position":1,"name":"Portada","item":"https:\/\/www.arabakomendialdea.eus\/fr\/"},{"@type":"ListItem","position":2,"name":"Randonn\u00e9es"}]},{"@type":"WebSite","@id":"https:\/\/www.arabakomendialdea.eus\/#website","url":"https:\/\/www.arabakomendialdea.eus\/","name":"Arabako Mendialdeko Kuadrilla - Cuadrilla Monta\u00f1a Alavesa","description":"","potentialAction":[{"@type":"SearchAction","target":{"@type":"EntryPoint","urlTemplate":"https:\/\/www.arabakomendialdea.eus\/?s={search_term_string}"},"query-input":{"@type":"PropertyValueSpecification","valueRequired":true,"valueName":"search_term_string"}}],"inLanguage":"fr-FR"}]}},"_links":{"self":[{"href":"https:\/\/www.arabakomendialdea.eus\/fr\/wp-json\/wp\/v2\/portfolio\/6851","targetHints":{"allow":["GET"]}}],"collection":[{"href":"https:\/\/www.arabakomendialdea.eus\/fr\/wp-json\/wp\/v2\/portfolio"}],"about":[{"href":"https:\/\/www.arabakomendialdea.eus\/fr\/wp-json\/wp\/v2\/types\/portfolio"}],"author":[{"embeddable":true,"href":"https:\/\/www.arabakomendialdea.eus\/fr\/wp-json\/wp\/v2\/users\/1"}],"replies":[{"embeddable":true,"href":"https:\/\/www.arabakomendialdea.eus\/fr\/wp-json\/wp\/v2\/comments?post=6851"}],"version-history":[{"count":3,"href":"https:\/\/www.arabakomendialdea.eus\/fr\/wp-json\/wp\/v2\/portfolio\/6851\/revisions"}],"predecessor-version":[{"id":30069,"href":"https:\/\/www.arabakomendialdea.eus\/fr\/wp-json\/wp\/v2\/portfolio\/6851\/revisions\/30069"}],"wp:featuredmedia":[{"embeddable":true,"href":"https:\/\/www.arabakomendialdea.eus\/fr\/wp-json\/wp\/v2\/media\/6853"}],"wp:attachment":[{"href":"https:\/\/www.arabakomendialdea.eus\/fr\/wp-json\/wp\/v2\/media?parent=6851"}],"wp:term":[{"taxonomy":"post_tag","embeddable":true,"href":"https:\/\/www.arabakomendialdea.eus\/fr\/wp-json\/wp\/v2\/tags?post=6851"},{"taxonomy":"portfolio_entries","embeddable":true,"href":"https:\/\/www.arabakomendialdea.eus\/fr\/wp-json\/wp\/v2\/portfolio_entries?post=6851"}],"curies":[{"name":"wp","href":"https:\/\/api.w.org\/{rel}","templated":true}]}}